{"id":639,"date":"2023-11-28T14:11:16","date_gmt":"2023-11-28T14:11:16","guid":{"rendered":"https:\/\/www.mayodarkskypark.ie\/faigh-amach\/realtbhuiona\/"},"modified":"2025-01-09T08:38:14","modified_gmt":"2025-01-09T08:38:14","slug":"realtbhuiona","status":"publish","type":"page","link":"https:\/\/www.mayodarkskypark.ie\/ga\/faigh-amach\/realtbhuiona\/","title":{"rendered":"R\u00e9altbhu\u00edona"},"content":{"rendered":"\n<h1 class=\"wp-block-heading\">R\u00e9altbhu\u00edonta agus <mark style=\"background-color:rgba(0, 0, 0, 0)\" class=\"has-inline-color has-ast-global-color-1-color\">R\u00e9altlaigh<\/mark><\/h1>\n\n<div class=\"wp-block-columns is-layout-flex wp-container-core-columns-is-layout-e0e4babd wp-block-columns-is-layout-flex\" style=\"padding-right:0;padding-left:0\">\n<div class=\"wp-block-column is-layout-flow wp-block-column-is-layout-flow\">\n<p>Cad at\u00e1 s\u00edad? Go simpl\u00ed, is iad \u00e1r l\u00e9irmh\u00edni\u00fa Domhan-bhunaithe ar phatr\u00fain r\u00e9alta sa sp\u00e9ir.<\/p>\n\n\n\n<p>Chuir na Sean-Ghr\u00e9agaigh carachtair mhiotasacha i leith go leor de na r\u00e9altbhu\u00edonta a bhfuil aithne againn orthu inniu, agus is gn\u00e1ch litreacha aib\u00edtre Ghr\u00e9agacha a thabhairt do na r\u00e9alta\u00ed is gile i r\u00e9altbhu\u00edon. Is iad na hainmneacha r\u00e9alta, ar an l\u00e1imh eile, go pr\u00edomha Araibis.<\/p>\n\n\n\n<p>Chruthaigh gach cult\u00far ar fud an domhain a gcuid sc\u00e9alta agus finsc\u00e9alta f\u00e9in faoi na cruthanna a chonaic siad sa sp\u00e9ir. Sa bhliain 1930 leag an tAontas R\u00e9alteola\u00edoch Idirn\u00e1isi\u00fanta teorainneacha oifigi\u00fala ar ghr\u00fapa\u00ed r\u00e9alta agus d&#8217;aithin s\u00e9 88 r\u00e9altbhu\u00edon trasna na leathsf\u00e9ar thuaidh agus theas.<br\/><br\/>Is gr\u00fapa\u00ed n\u00edos l\u00fa de r\u00e9alta\u00ed iad r\u00e9altbhu\u00edonta a d\u2019fh\u00e9adfadh a bheith mar chuid de r\u00e9altbhu\u00edon amh\u00e1in n\u00f3 n\u00edos m\u00f3. Is gr\u00fapa\u00ed c\u00e1ili\u00fala iad de ghn\u00e1th mar an Camch\u00e9achta (cuid d\u2019Ursa Major) n\u00f3 Triant\u00e1n an tSamhraidh (measc\u00e1n de r\u00e9alta\u00ed i dtr\u00ed r\u00e9altbhu\u00edon dhifri\u00fala).<\/p>\n\n\n\n<p>D\u00e9an do chuid eolais ar chuid de na r\u00e9altbhu\u00edonta m\u00f3r\u00e9ilimh a th\u00e1st\u00e1il len\u00e1r <a href=\"https:\/\/www.mayodarkskypark.ie\/wp-content\/uploads\/2023\/11\/MDSP-Constellations-v1.pdf\" target=\"_blank\" rel=\"noreferrer noopener\">n-\u00edosl\u00f3d\u00e1il r\u00e9altbhu\u00edonta<\/a>.<\/p>\n\n\n\n<h2 class=\"wp-block-heading\">R\u00e9altbhu\u00edona<\/h2>\n\n\n\n<p>Foghlaim conas na r\u00e9altbhu\u00edonta is c\u00e1ili\u00fala sa sp\u00e9ir a aimsi\u00fa, ag aithint a gcruthanna len\u00e1r l\u00edn\u00edochta\u00ed r\u00e9altbhu\u00edonta.<\/p>\n\n\n\n<p>Breathnaigh go maith ar chruth agus ar phatr\u00fan na r\u00e9alta agus f\u00e9ach an f\u00e9idir leat an cruth c\u00e9anna a aithint sa sp\u00e9ir san o\u00edche. An bhfeiceann t\u00fa n\u00edos m\u00f3 r\u00e9alta n\u00f3 n\u00edos l\u00fa r\u00e9alta? D\u00e1 l\u00fa an truailli\u00fa solais at\u00e1 agat i do cheantar, is amhlaidh is m\u00f3 r\u00e9alta\u00ed a fheiceann t\u00fa sa r\u00e9altbhu\u00edon (agus is amhlaidh is dorcha a bh\u00edonn do sp\u00e9artha).<\/p>\n\n\n\n<p>Lorg patr\u00fan na r\u00e9altbhu\u00edonta agus cuir do shaothar eala\u00edne f\u00e9in leis chun an carachtar miotasach a fhorbairt. C\u00e9n f\u00e1th nach nd\u00e9anf\u00e1 do sc\u00e9al f\u00e9in faoi na r\u00e9altbhu\u00edonta a fheiceann t\u00fa?<\/p>\n\n\n\n<p>Mar shampla, nuair a arda\u00edonn Orion os cionn sp\u00e9artha Bhaile Chruaich sa Gheimhreadh, is maith linn smaoineamh air mar ionada\u00ed d\u00e1r bhfathach finsc\u00e9ala\u00edochta \u2013 <a href=\"https:\/\/www.nationalparks.ie\/app\/uploads\/2022\/09\/Monuments_WildNephin.pdf\" target=\"_blank\" rel=\"noreferrer noopener\">Daith\u00ed B\u00e1n<\/a>. C\u00e9 a fhios cad iad na sc\u00e9alta a chruthaigh \u00e1r sinsear anseo nuair a chonaic siad an fathach seo i sp\u00e9ir na ho\u00edche?<\/p>\n\n\n\n<p>Lig do shamhla\u00edocht dul ar seachr\u00e1n agus t\u00fa ag foghlaim faoi phatr\u00fain na r\u00e9alta\u00ed a fhoirm\u00edonn r\u00e9altbhu\u00edonta agus faoi na finsc\u00e9alta agus na miotais at\u00e1 ceangailte leo leis na m\u00edlte bliain.<\/p>\n\n\n\n<hr class=\"wp-block-separator has-alpha-channel-opacity is-style-wide\"\/>\n\n\n\n<figure class=\"wp-block-image aligncenter size-full\"><img loading=\"lazy\" decoding=\"async\" width=\"400\" height=\"249\" src=\"https:\/\/www.mayodarkskypark.ie\/wp-content\/uploads\/2023\/11\/Con-Ursa-Major.jpg\" alt=\"Ursa Major\" class=\"wp-image-301\" style=\"object-fit:cover\" srcset=\"https:\/\/www.mayodarkskypark.ie\/wp-content\/uploads\/2023\/11\/Con-Ursa-Major.jpg 400w, https:\/\/www.mayodarkskypark.ie\/wp-content\/uploads\/2023\/11\/Con-Ursa-Major-300x187.jpg 300w\" sizes=\"auto, (max-width: 400px) 100vw, 400px\" \/><\/figure>\n\n\n\n<h3 class=\"wp-block-heading\">Ursa Major<\/h3>\n\n\n\n<p><strong>Cathain is f\u00e9idir leat f\u00e9achaint air?<\/strong> Ar feadh na bliana sna sp\u00e9artha thuaidh. Is \u00e9 Ursa Major an Laidin don \u2018B\u00e9ar M\u00f3r\u2019. T\u00e1 an r\u00e9altbhu\u00edon ch\u00e1ili\u00fail ar a dtugtar \u2018an Camch\u00e9achta\u2019 n\u00f3 \u2018an C\u00e9achta\u2019 le f\u00e1il ann freisin ina bhfuil seacht r\u00e9alta \u2013 dh\u00e1 cheann acu (ar a dtugtar \u2018the Pointers\u2019) ag treoraigh an bhealaigh go dt\u00ed an R\u00e9alta Thuaidh (Polaris).<br\/><br\/><strong>Miotaseola\u00edocht <\/strong>&#8211; T\u00e1 miotais Ghr\u00e9agacha agus R\u00f3mh\u00e1nacha ann faoi Ursa Major. Baineann miotas R\u00f3mh\u00e1nach le Ursa Major agus an r\u00e9altbhu\u00edon Ursa Minor in aice l\u00e1imhe (an \u2018B\u00e9ar Beag\u2019).<br\/><br\/>Bh\u00ed cail\u00edn \u00e1lainn, Callisto, ag seilg san fhoraois, ach d&#8217;fh\u00e1s s\u00ed tuirseach agus leag s\u00ed s\u00edos chun sc\u00edthe. Thug an dia Jupiter faoi deara \u00ed agus bh\u00ed a chro\u00ed istigh ann lena \u00e1illeacht, rud a chuir \u00e9admhar ar a bhean ch\u00e9ile, Juno, agus mar sin d&#8217;athraigh s\u00ed Callisto ina b\u00e9ar. Tamall ina dhiaidh sin, rinneadh b\u00e9ar freisin de a mhac Callisto, Arcas. Chun an mh\u00e1thair agus an mac a chosaint, th\u00f3g Jupiter an d\u00e1 bh\u00e9ir ag a n-eireabaill agus chastar suas iad sna flaithis chun c\u00f3na\u00ed ann go deo \u2013 m\u00edn\u00edonn s\u00e9 seo fad na heireabaill, at\u00e1 i bhfad n\u00edos faide n\u00e1 mar is gn\u00e1ch!<\/p>\n\n\n\n<hr class=\"wp-block-separator has-alpha-channel-opacity is-style-wide\"\/>\n\n\n\n<figure class=\"wp-block-image aligncenter size-full\"><img loading=\"lazy\" decoding=\"async\" width=\"400\" height=\"249\" src=\"https:\/\/www.mayodarkskypark.ie\/wp-content\/uploads\/2023\/11\/Con-Cassiopeia.jpg\" alt=\"Caiseoip&#xE9;\" class=\"wp-image-302\" srcset=\"https:\/\/www.mayodarkskypark.ie\/wp-content\/uploads\/2023\/11\/Con-Cassiopeia.jpg 400w, https:\/\/www.mayodarkskypark.ie\/wp-content\/uploads\/2023\/11\/Con-Cassiopeia-300x187.jpg 300w\" sizes=\"auto, (max-width: 400px) 100vw, 400px\" \/><\/figure>\n\n\n\n<h3 class=\"wp-block-heading\">Caiseoip\u00e9<\/h3>\n\n\n\n<p><strong>Cathain is f\u00e9idir leat f\u00e9achaint air?<\/strong> &#8211; Ar feadh na bliana ar fad ar a dtugtar r\u00e9altbhu\u00edon thimpholach (i.e. cuireann s\u00e9 ciorcal timpeall ar r\u00e9alta an Ph\u00f3l Thuaidh.)<\/p>\n\n\n\n<p><strong>Miotaseola\u00edocht<\/strong> \u2013 Sa mhiotaseola\u00edocht is \u00ed Cassiopeia Banr\u00edon d\u00edomasach agus m\u00f3rtasach na hAet\u00f3ipe agus bean ch\u00e9ile an tsean-R\u00ed Cepheus. Rinne s\u00ed masla ar na N\u00e9ir\u00e9id\u00ed (nimfeacha farraige) ag r\u00e1 go raibh s\u00ed n\u00edos \u00e1ille n\u00e1 iad. Chun na N\u00e9ir\u00e9id\u00ed maslaithe a dh\u00edoghail, chuir Poseidon, dia na farraige, Cetus an arracht m\u00edol m\u00f3r. Shlabhraigh Caiseoip\u00e9 a hin\u00edon Andraim\u00e9ide le carraig mar \u00edobairt don ollph\u00e9ist. Ar \u00e1mhara\u00ed an tsaoil d\u2019\u00e9irigh leis an laoch Perseus \u00ed a sh\u00e1bh\u00e1il ar a bhealach abhaile \u00f3 Medusa a mhar\u00fa.<\/p>\n\n\n\n<hr class=\"wp-block-separator has-alpha-channel-opacity is-style-wide\"\/>\n\n\n\n<figure class=\"wp-block-image aligncenter size-full\"><img loading=\"lazy\" decoding=\"async\" width=\"400\" height=\"249\" src=\"https:\/\/www.mayodarkskypark.ie\/wp-content\/uploads\/2023\/11\/Con-Leo.jpg\" alt=\"Leo\" class=\"wp-image-303\" srcset=\"https:\/\/www.mayodarkskypark.ie\/wp-content\/uploads\/2023\/11\/Con-Leo.jpg 400w, https:\/\/www.mayodarkskypark.ie\/wp-content\/uploads\/2023\/11\/Con-Leo-300x187.jpg 300w\" sizes=\"auto, (max-width: 400px) 100vw, 400px\" \/><\/figure>\n\n\n\n<h3 class=\"wp-block-heading\">Leo<\/h3>\n\n\n\n<p><strong>Cathain is f\u00e9idir leat f\u00e9achaint air?<\/strong> &#8211; Is r\u00e9altbhu\u00edon aitheanta \u00e9 seo i sp\u00e9artha an earraigh. B\u00ed ag faire amach don \u2018ceistmharc droim ar ais\u2019 chun cloigeann an Leoin a aithint. Tugtar Regulus ar an r\u00e9alta gheal ag bun an fhigi\u00fair.<\/p>\n\n\n\n<p><strong>Miotaseola\u00edocht<\/strong> &#8211; Tugtar Leo ar Leo thar go leor cult\u00fair. Is r\u00e9altbhu\u00edon \u00e9 freisin i bhf\u00e9ilire stoidiacach de r\u00e9ir mar a ghluaiseann an Ghrian tr\u00edd an r\u00e9altbhu\u00edon i m\u00edonna an tsamhraidh. Chreid na Gr\u00e9agaigh gurbh ionann Leo agus an leon a rinne stalcaireacht agus a d\u2019ith muintir Nemea. Deirtear go raibh a chraiceann neamh-thr\u00e9scaoilteach do gach arm agus n\u00ed fh\u00e9adfadh aon ghn\u00e1thfhear \u00e9 a mhar\u00fa. Ghlac Hercules leis an tasc agus n\u00ed raibh s\u00e9 in ann craiceann Leo a pholladh ach sa deireadh d&#8217;\u00fas\u00e1id s\u00e9 a neart m\u00f3r chun an beith\u00edoch a thachtadh chun b\u00e1is. D&#8217;fheann s\u00e9 ansin \u00e9 le cr\u00faba an leon f\u00e9in agus chaith s\u00e9 an craiceann.<\/p>\n\n\n\n<hr class=\"wp-block-separator has-alpha-channel-opacity is-style-wide\"\/>\n\n\n\n<figure class=\"wp-block-image aligncenter size-full\"><img loading=\"lazy\" decoding=\"async\" width=\"400\" height=\"249\" src=\"https:\/\/www.mayodarkskypark.ie\/wp-content\/uploads\/2023\/11\/Con-Cygnus.jpg\" alt=\"Cygnus\" class=\"wp-image-304\" srcset=\"https:\/\/www.mayodarkskypark.ie\/wp-content\/uploads\/2023\/11\/Con-Cygnus.jpg 400w, https:\/\/www.mayodarkskypark.ie\/wp-content\/uploads\/2023\/11\/Con-Cygnus-300x187.jpg 300w\" sizes=\"auto, (max-width: 400px) 100vw, 400px\" \/><\/figure>\n\n\n\n<h3 class=\"wp-block-heading\">Cygnus<\/h3>\n\n\n\n<p><strong>Cathain is f\u00e9idir leat f\u00e9achaint air?<\/strong> &#8211; Is r\u00e9altbhu\u00edon mh\u00f3r \u00e9 Cygnus i sp\u00e9artha samhraidh an leathsf\u00e9ir thuaidh. Is fearr \u00e9 a fheice\u00e1il \u00f3 Mheitheamh go Samhain. Is furasta teacht ar Cygnus mar tugtar an Chrois Thuaidh ar a chruth croschruthach freisin agus is cos\u00fail go bhfuil s\u00e9 ag eitilt s\u00edos l\u00e1r Bhealach na B\u00f3 Finne. T\u00e1 ceann de na r\u00e9alta\u00ed is gile i sp\u00e9ir na ho\u00edche ag Cygnus \u2013 Deneb (r\u00e9alta sa ch\u00fainne an r\u00e9altlaigh Triant\u00e1n an tSamhraidh freisin).<\/p>\n\n\n\n<p><strong>Miotaseola\u00edocht <\/strong> &#8211; T\u00e1 baint ag Cygnus (an Eala) le roinnt miotais. Is miotas Gr\u00e9agach \u00e9 go seasann Cygnus don \u00e9an ina n-aistr\u00edonn Zeus (R\u00ed na nD\u00e9ithe) \u00e9 f\u00e9in chun Leda, Banr\u00edon na Sparta a mhealladh. Miotas eile is ea go l\u00e9ir\u00edonn Cygnus an laoch Gr\u00e9agach trag\u00f3ideach Orpheus, a d\u00fanmhara\u00edodh as di\u00falt\u00fa on\u00f3ir a thabhairt do Dionysus. Claochla\u00edodh \u00e9 ina eala ansin agus cuireadh sa sp\u00e9ir \u00e9.<\/p>\n\n\n\n<hr class=\"wp-block-separator has-alpha-channel-opacity is-style-wide\"\/>\n\n\n\n<figure class=\"wp-block-image aligncenter size-full\"><img loading=\"lazy\" decoding=\"async\" width=\"400\" height=\"249\" src=\"https:\/\/www.mayodarkskypark.ie\/wp-content\/uploads\/2023\/11\/Con-Pegasus.jpg\" alt=\"Pegasus\" class=\"wp-image-305\" srcset=\"https:\/\/www.mayodarkskypark.ie\/wp-content\/uploads\/2023\/11\/Con-Pegasus.jpg 400w, https:\/\/www.mayodarkskypark.ie\/wp-content\/uploads\/2023\/11\/Con-Pegasus-300x187.jpg 300w\" sizes=\"auto, (max-width: 400px) 100vw, 400px\" \/><\/figure>\n\n\n\n<h3 class=\"wp-block-heading\">Pegasus<\/h3>\n\n\n\n<p><strong>Cathain is f\u00e9idir leat f\u00e9achaint air?<\/strong> &#8211; Is fearr Pegasus a fheice\u00e1il \u00f3 L\u00fanasa go Deireadh F\u00f3mhair agus is furasta \u00e9 a aithint \u00f3na cheithre r\u00e9alta at\u00e1 mar \u201cCearn\u00f3g Mh\u00f3r Pheigeasais\u201d. Bh\u00ed an r\u00e9altbhu\u00edon Pegasus liostaithe ag an r\u00e9alteola\u00ed Gr\u00e9agach Ptolemy sa dara haois AD.<\/p>\n\n\n\n<p><strong>Miotaseola\u00edocht <\/strong> &#8211; Tugadh Pegasus mar an capall eiteach i miotaseola\u00edocht na Gr\u00e9ige. Cialla\u00edonn an focal Gr\u00e9igise \u201cPegazo\u201d \u201cdul ar aghaidh\u201d agus deir an finsc\u00e9al gur crutha\u00edodh Pegasus nuair a l\u00e9im an capall eiteach as muine\u00e1l Medusa an gorgon nuair a ghearr Perseus a ceann asti. Deir sc\u00e9alta eile go dtagann Pegasus \u00f3 Poseidon ag meascadh fuil Medusa san fharraige chun stail \u00edon b\u00e1n dra\u00edochta a chruth\u00fa in on\u00f3ir a ghr\u00e1.<\/p>\n\n\n\n<hr class=\"wp-block-separator has-alpha-channel-opacity is-style-wide\"\/>\n\n\n\n<figure class=\"wp-block-image aligncenter size-full\"><img loading=\"lazy\" decoding=\"async\" width=\"400\" height=\"249\" src=\"https:\/\/www.mayodarkskypark.ie\/wp-content\/uploads\/2023\/11\/Con-Orion.jpg\" alt=\"Orion\" class=\"wp-image-306\" srcset=\"https:\/\/www.mayodarkskypark.ie\/wp-content\/uploads\/2023\/11\/Con-Orion.jpg 400w, https:\/\/www.mayodarkskypark.ie\/wp-content\/uploads\/2023\/11\/Con-Orion-300x187.jpg 300w\" sizes=\"auto, (max-width: 400px) 100vw, 400px\" \/><\/figure>\n\n\n\n<h3 class=\"wp-block-heading\">Orion<\/h3>\n\n\n\n<p><strong>Cathain is f\u00e9idir leat f\u00e9achaint air?<\/strong> &#8211; I rith an Gheimhridh agus an Earraigh<\/p>\n\n\n\n<p><strong>Miotaseola\u00edocht<\/strong> &#8211; I miotaseola\u00edocht na Gr\u00e9ige, bh\u00ed Orion ina fathach agus sealgaire cumhachtach a mha\u00edomh go bhf\u00e9adfadh s\u00e9 aon chr\u00e9at\u00far ar an Domhan a mhar\u00fa. T\u00e1 go leor finsc\u00e9alta faoina chumhachta\u00ed speisialta ar n\u00f3s si\u00fal ar uisce, agus sc\u00e9alta \u00e9ags\u00fala faoin gcaoi ar mara\u00edodh \u00e9.<br\/><br\/>Sc\u00e9al amh\u00e1in is ea gur \u00e9irigh le Diana, an bandia saighdeora a raibh Orion an ceann is fearr l\u00e9i, a mhealladh an tsaighead a scaoileadh a mharaigh Orion. Is mar seo at\u00e1 an sc\u00e9al\u2026 Chonaic Apollo, a dearth\u00e1ir \u00e9admhar, an fathach Orion ag si\u00fal tr\u00edd an bhfarraige agus a cheann d\u00edreach os cionn an uisce agus thug s\u00e9 d\u00fashl\u00e1n do Diana an t-oile\u00e1n dubh a bhualadh i gc\u00e9in. Th\u00f3g Diana aidhm marfach agus scaoil s\u00ed an tsaighead, ag mar\u00fa a Orion ion\u00fain. Mar ch\u00faiteamh, chuir s\u00ed ansin \u00e9 i measc na r\u00e9alta mar fhathach mar aon lena chla\u00edomh, agus a chrios r\u00e9alta c\u00e1ili\u00fail.<br\/><br\/><strong>Point\u00ed sp\u00e9ise eile<\/strong> \u2013 Tugtar \u201cNa Tr\u00ed Mhuire\u201d ar na tr\u00ed r\u00e9alta a dh\u00e9anann Crios Oir\u00edon sa Sp\u00e1inn, sa Phortaing\u00e9il agus i Meirice\u00e1 Theas. Is f\u00e9idir leo si\u00fad a bhfuil radharc na s\u00fal maith acu (n\u00f3 ag baint \u00fas\u00e1id as d\u00e9sh\u00failigh) a dh\u00e9anamh amach go bhfuil l\u00e1r \u201cr\u00e9alta\u201d miod\u00f3g Orion doil\u00e9ir \u2013 is \u00e9 seo R\u00e9altn\u00e9al c\u00e1ili\u00fail Orion, r\u00e9igi\u00fan ollmh\u00f3r de fhoirmi\u00fa r\u00e9alta, ina bhfuil breis is 700 r\u00e9alta, agus a sh\u00edneann n\u00edos m\u00f3 n\u00e1 dh\u00e1 Ghealach trastomhais ar fud an sp\u00e9ir.<\/p>\n<\/div>\n<\/div>\n","protected":false},"excerpt":{"rendered":"<p>R\u00e9altbhu\u00edonta agus R\u00e9altlaigh Cad at\u00e1 s\u00edad? Go simpl\u00ed, is iad \u00e1r l\u00e9irmh\u00edni\u00fa Domhan-bhunaithe ar phatr\u00fain r\u00e9alta sa sp\u00e9ir. Chuir na Sean-Ghr\u00e9agaigh carachtair mhiotasacha i leith go leor de na r\u00e9altbhu\u00edonta a bhfuil aithne againn orthu inniu, agus is gn\u00e1ch litreacha aib\u00edtre Ghr\u00e9agacha a thabhairt do na r\u00e9alta\u00ed is gile i r\u00e9altbhu\u00edon. Is iad na hainmneacha [&hellip;]<\/p>\n","protected":false},"author":1,"featured_media":521,"parent":599,"menu_order":0,"comment_status":"closed","ping_status":"closed","template":"","meta":{"_uag_custom_page_level_css":"","site-sidebar-layout":"default","site-content-layout":"","ast-site-content-layout":"default","site-content-style":"default","site-sidebar-style":"default","ast-global-header-display":"","ast-banner-title-visibility":"","ast-main-header-display":"","ast-hfb-above-header-display":"","ast-hfb-below-header-display":"","ast-hfb-mobile-header-display":"","site-post-title":"disabled","ast-breadcrumbs-content":"","ast-featured-img":"","footer-sml-layout":"","ast-disable-related-posts":"","theme-transparent-header-meta":"","adv-header-id-meta":"","stick-header-meta":"","header-above-stick-meta":"","header-main-stick-meta":"","header-below-stick-meta":"","astra-migrate-meta-layouts":"default","ast-page-background-enabled":"default","ast-page-background-meta":{"desktop":{"background-color":"var(--ast-global-color-4)","background-image":"","background-repeat":"repeat","background-position":"center center","background-size":"auto","background-attachment":"scroll","background-type":"","background-media":"","overlay-type":"","overlay-color":"","overlay-opacity":"","overlay-gradient":""},"tablet":{"background-color":"","background-image":"","background-repeat":"repeat","background-position":"center center","background-size":"auto","background-attachment":"scroll","background-type":"","background-media":"","overlay-type":"","overlay-color":"","overlay-opacity":"","overlay-gradient":""},"mobile":{"background-color":"","background-image":"","background-repeat":"repeat","background-position":"center center","background-size":"auto","background-attachment":"scroll","background-type":"","background-media":"","overlay-type":"","overlay-color":"","overlay-opacity":"","overlay-gradient":""}},"ast-content-background-meta":{"desktop":{"background-color":"var(--ast-global-color-5)","background-image":"","background-repeat":"repeat","background-position":"center center","background-size":"auto","background-attachment":"scroll","background-type":"","background-media":"","overlay-type":"","overlay-color":"","overlay-opacity":"","overlay-gradient":""},"tablet":{"background-color":"var(--ast-global-color-5)","background-image":"","background-repeat":"repeat","background-position":"center center","background-size":"auto","background-attachment":"scroll","background-type":"","background-media":"","overlay-type":"","overlay-color":"","overlay-opacity":"","overlay-gradient":""},"mobile":{"background-color":"var(--ast-global-color-5)","background-image":"","background-repeat":"repeat","background-position":"center center","background-size":"auto","background-attachment":"scroll","background-type":"","background-media":"","overlay-type":"","overlay-color":"","overlay-opacity":"","overlay-gradient":""}},"footnotes":""},"class_list":["post-639","page","type-page","status-publish","has-post-thumbnail","hentry"],"yoast_head":"<!-- This site is optimized with the Yoast SEO plugin v27.4 - https:\/\/yoast.com\/product\/yoast-seo-wordpress\/ -->\n<title>R\u00e9altbhu\u00edona - P\u00e1irc Sp\u00e9ire Dorcha Mhaigh Eo<\/title>\n<meta name=\"robots\" content=\"index, follow, max-snippet:-1, max-image-preview:large, max-video-preview:-1\" \/>\n<link rel=\"canonical\" href=\"https:\/\/www.mayodarkskypark.ie\/ga\/faigh-amach\/realtbhuiona\/\" \/>\n<meta property=\"og:locale\" content=\"ga_IE\" \/>\n<meta property=\"og:type\" content=\"article\" \/>\n<meta property=\"og:title\" content=\"R\u00e9altbhu\u00edona - P\u00e1irc Sp\u00e9ire Dorcha Mhaigh Eo\" \/>\n<meta property=\"og:description\" content=\"R\u00e9altbhu\u00edonta agus R\u00e9altlaigh Cad at\u00e1 s\u00edad? Go simpl\u00ed, is iad \u00e1r l\u00e9irmh\u00edni\u00fa Domhan-bhunaithe ar phatr\u00fain r\u00e9alta sa sp\u00e9ir. Chuir na Sean-Ghr\u00e9agaigh carachtair mhiotasacha i leith go leor de na r\u00e9altbhu\u00edonta a bhfuil aithne againn orthu inniu, agus is gn\u00e1ch litreacha aib\u00edtre Ghr\u00e9agacha a thabhairt do na r\u00e9alta\u00ed is gile i r\u00e9altbhu\u00edon. Is iad na hainmneacha [&hellip;]\" \/>\n<meta property=\"og:url\" content=\"https:\/\/www.mayodarkskypark.ie\/ga\/faigh-amach\/realtbhuiona\/\" \/>\n<meta property=\"og:site_name\" content=\"P\u00e1irc Sp\u00e9ire Dorcha Mhaigh Eo\" \/>\n<meta property=\"article:publisher\" content=\"https:\/\/www.facebook.com\/mayodarkskies\/\" \/>\n<meta property=\"article:modified_time\" content=\"2025-01-09T08:38:14+00:00\" \/>\n<meta property=\"og:image\" content=\"https:\/\/www.mayodarkskypark.ie\/wp-content\/uploads\/2023\/11\/Banner15.jpg\" \/>\n\t<meta property=\"og:image:width\" content=\"1200\" \/>\n\t<meta property=\"og:image:height\" content=\"265\" \/>\n\t<meta property=\"og:image:type\" content=\"image\/jpeg\" \/>\n<meta name=\"twitter:card\" content=\"summary_large_image\" \/>\n<meta name=\"twitter:label1\" content=\"Est. reading time\" \/>\n\t<meta name=\"twitter:data1\" content=\"8 minutes\" \/>\n<script type=\"application\/ld+json\" class=\"yoast-schema-graph\">{\"@context\":\"https:\\\/\\\/schema.org\",\"@graph\":[{\"@type\":\"WebPage\",\"@id\":\"https:\\\/\\\/www.mayodarkskypark.ie\\\/ga\\\/faigh-amach\\\/realtbhuiona\\\/\",\"url\":\"https:\\\/\\\/www.mayodarkskypark.ie\\\/ga\\\/faigh-amach\\\/realtbhuiona\\\/\",\"name\":\"R\u00e9altbhu\u00edona - P\u00e1irc Sp\u00e9ire Dorcha Mhaigh Eo\",\"isPartOf\":{\"@id\":\"https:\\\/\\\/www.mayodarkskypark.ie\\\/#website\"},\"primaryImageOfPage\":{\"@id\":\"https:\\\/\\\/www.mayodarkskypark.ie\\\/ga\\\/faigh-amach\\\/realtbhuiona\\\/#primaryimage\"},\"image\":{\"@id\":\"https:\\\/\\\/www.mayodarkskypark.ie\\\/ga\\\/faigh-amach\\\/realtbhuiona\\\/#primaryimage\"},\"thumbnailUrl\":\"https:\\\/\\\/www.mayodarkskypark.ie\\\/wp-content\\\/uploads\\\/2023\\\/11\\\/Banner15.jpg\",\"datePublished\":\"2023-11-28T14:11:16+00:00\",\"dateModified\":\"2025-01-09T08:38:14+00:00\",\"breadcrumb\":{\"@id\":\"https:\\\/\\\/www.mayodarkskypark.ie\\\/ga\\\/faigh-amach\\\/realtbhuiona\\\/#breadcrumb\"},\"inLanguage\":\"ga-IE\",\"potentialAction\":[{\"@type\":\"ReadAction\",\"target\":[\"https:\\\/\\\/www.mayodarkskypark.ie\\\/ga\\\/faigh-amach\\\/realtbhuiona\\\/\"]}]},{\"@type\":\"ImageObject\",\"inLanguage\":\"ga-IE\",\"@id\":\"https:\\\/\\\/www.mayodarkskypark.ie\\\/ga\\\/faigh-amach\\\/realtbhuiona\\\/#primaryimage\",\"url\":\"https:\\\/\\\/www.mayodarkskypark.ie\\\/wp-content\\\/uploads\\\/2023\\\/11\\\/Banner15.jpg\",\"contentUrl\":\"https:\\\/\\\/www.mayodarkskypark.ie\\\/wp-content\\\/uploads\\\/2023\\\/11\\\/Banner15.jpg\",\"width\":1200,\"height\":265},{\"@type\":\"BreadcrumbList\",\"@id\":\"https:\\\/\\\/www.mayodarkskypark.ie\\\/ga\\\/faigh-amach\\\/realtbhuiona\\\/#breadcrumb\",\"itemListElement\":[{\"@type\":\"ListItem\",\"position\":1,\"name\":\"Home\",\"item\":\"https:\\\/\\\/www.mayodarkskypark.ie\\\/ga\\\/\"},{\"@type\":\"ListItem\",\"position\":2,\"name\":\"Faigh Amach\",\"item\":\"https:\\\/\\\/www.mayodarkskypark.ie\\\/discover\\\/\"},{\"@type\":\"ListItem\",\"position\":3,\"name\":\"R\u00e9altbhu\u00edona\"}]},{\"@type\":\"WebSite\",\"@id\":\"https:\\\/\\\/www.mayodarkskypark.ie\\\/#website\",\"url\":\"https:\\\/\\\/www.mayodarkskypark.ie\\\/\",\"name\":\"Mayo Dark Sky Park\",\"description\":\"International Dark Sky Place of the Year 2024\",\"publisher\":{\"@id\":\"https:\\\/\\\/www.mayodarkskypark.ie\\\/#organization\"},\"potentialAction\":[{\"@type\":\"SearchAction\",\"target\":{\"@type\":\"EntryPoint\",\"urlTemplate\":\"https:\\\/\\\/www.mayodarkskypark.ie\\\/?s={search_term_string}\"},\"query-input\":{\"@type\":\"PropertyValueSpecification\",\"valueRequired\":true,\"valueName\":\"search_term_string\"}}],\"inLanguage\":\"ga-IE\"},{\"@type\":\"Organization\",\"@id\":\"https:\\\/\\\/www.mayodarkskypark.ie\\\/#organization\",\"name\":\"Mayo Dark Sky Park\",\"url\":\"https:\\\/\\\/www.mayodarkskypark.ie\\\/\",\"logo\":{\"@type\":\"ImageObject\",\"inLanguage\":\"ga-IE\",\"@id\":\"https:\\\/\\\/www.mayodarkskypark.ie\\\/#\\\/schema\\\/logo\\\/image\\\/\",\"url\":\"https:\\\/\\\/www.mayodarkskypark.ie\\\/wp-content\\\/uploads\\\/2023\\\/11\\\/mayo-dark-sky-park.png\",\"contentUrl\":\"https:\\\/\\\/www.mayodarkskypark.ie\\\/wp-content\\\/uploads\\\/2023\\\/11\\\/mayo-dark-sky-park.png\",\"width\":246,\"height\":70,\"caption\":\"Mayo Dark Sky Park\"},\"image\":{\"@id\":\"https:\\\/\\\/www.mayodarkskypark.ie\\\/#\\\/schema\\\/logo\\\/image\\\/\"},\"sameAs\":[\"https:\\\/\\\/www.facebook.com\\\/mayodarkskies\\\/\"]}]}<\/script>\n<!-- \/ Yoast SEO plugin. -->","yoast_head_json":{"title":"R\u00e9altbhu\u00edona - P\u00e1irc Sp\u00e9ire Dorcha Mhaigh Eo","robots":{"index":"index","follow":"follow","max-snippet":"max-snippet:-1","max-image-preview":"max-image-preview:large","max-video-preview":"max-video-preview:-1"},"canonical":"https:\/\/www.mayodarkskypark.ie\/ga\/faigh-amach\/realtbhuiona\/","og_locale":"ga_IE","og_type":"article","og_title":"R\u00e9altbhu\u00edona - P\u00e1irc Sp\u00e9ire Dorcha Mhaigh Eo","og_description":"R\u00e9altbhu\u00edonta agus R\u00e9altlaigh Cad at\u00e1 s\u00edad? Go simpl\u00ed, is iad \u00e1r l\u00e9irmh\u00edni\u00fa Domhan-bhunaithe ar phatr\u00fain r\u00e9alta sa sp\u00e9ir. Chuir na Sean-Ghr\u00e9agaigh carachtair mhiotasacha i leith go leor de na r\u00e9altbhu\u00edonta a bhfuil aithne againn orthu inniu, agus is gn\u00e1ch litreacha aib\u00edtre Ghr\u00e9agacha a thabhairt do na r\u00e9alta\u00ed is gile i r\u00e9altbhu\u00edon. Is iad na hainmneacha [&hellip;]","og_url":"https:\/\/www.mayodarkskypark.ie\/ga\/faigh-amach\/realtbhuiona\/","og_site_name":"P\u00e1irc Sp\u00e9ire Dorcha Mhaigh Eo","article_publisher":"https:\/\/www.facebook.com\/mayodarkskies\/","article_modified_time":"2025-01-09T08:38:14+00:00","og_image":[{"width":1200,"height":265,"url":"https:\/\/www.mayodarkskypark.ie\/wp-content\/uploads\/2023\/11\/Banner15.jpg","type":"image\/jpeg"}],"twitter_card":"summary_large_image","twitter_misc":{"Est. reading time":"8 minutes"},"schema":{"@context":"https:\/\/schema.org","@graph":[{"@type":"WebPage","@id":"https:\/\/www.mayodarkskypark.ie\/ga\/faigh-amach\/realtbhuiona\/","url":"https:\/\/www.mayodarkskypark.ie\/ga\/faigh-amach\/realtbhuiona\/","name":"R\u00e9altbhu\u00edona - P\u00e1irc Sp\u00e9ire Dorcha Mhaigh Eo","isPartOf":{"@id":"https:\/\/www.mayodarkskypark.ie\/#website"},"primaryImageOfPage":{"@id":"https:\/\/www.mayodarkskypark.ie\/ga\/faigh-amach\/realtbhuiona\/#primaryimage"},"image":{"@id":"https:\/\/www.mayodarkskypark.ie\/ga\/faigh-amach\/realtbhuiona\/#primaryimage"},"thumbnailUrl":"https:\/\/www.mayodarkskypark.ie\/wp-content\/uploads\/2023\/11\/Banner15.jpg","datePublished":"2023-11-28T14:11:16+00:00","dateModified":"2025-01-09T08:38:14+00:00","breadcrumb":{"@id":"https:\/\/www.mayodarkskypark.ie\/ga\/faigh-amach\/realtbhuiona\/#breadcrumb"},"inLanguage":"ga-IE","potentialAction":[{"@type":"ReadAction","target":["https:\/\/www.mayodarkskypark.ie\/ga\/faigh-amach\/realtbhuiona\/"]}]},{"@type":"ImageObject","inLanguage":"ga-IE","@id":"https:\/\/www.mayodarkskypark.ie\/ga\/faigh-amach\/realtbhuiona\/#primaryimage","url":"https:\/\/www.mayodarkskypark.ie\/wp-content\/uploads\/2023\/11\/Banner15.jpg","contentUrl":"https:\/\/www.mayodarkskypark.ie\/wp-content\/uploads\/2023\/11\/Banner15.jpg","width":1200,"height":265},{"@type":"BreadcrumbList","@id":"https:\/\/www.mayodarkskypark.ie\/ga\/faigh-amach\/realtbhuiona\/#breadcrumb","itemListElement":[{"@type":"ListItem","position":1,"name":"Home","item":"https:\/\/www.mayodarkskypark.ie\/ga\/"},{"@type":"ListItem","position":2,"name":"Faigh Amach","item":"https:\/\/www.mayodarkskypark.ie\/discover\/"},{"@type":"ListItem","position":3,"name":"R\u00e9altbhu\u00edona"}]},{"@type":"WebSite","@id":"https:\/\/www.mayodarkskypark.ie\/#website","url":"https:\/\/www.mayodarkskypark.ie\/","name":"Mayo Dark Sky Park","description":"International Dark Sky Place of the Year 2024","publisher":{"@id":"https:\/\/www.mayodarkskypark.ie\/#organization"},"potentialAction":[{"@type":"SearchAction","target":{"@type":"EntryPoint","urlTemplate":"https:\/\/www.mayodarkskypark.ie\/?s={search_term_string}"},"query-input":{"@type":"PropertyValueSpecification","valueRequired":true,"valueName":"search_term_string"}}],"inLanguage":"ga-IE"},{"@type":"Organization","@id":"https:\/\/www.mayodarkskypark.ie\/#organization","name":"Mayo Dark Sky Park","url":"https:\/\/www.mayodarkskypark.ie\/","logo":{"@type":"ImageObject","inLanguage":"ga-IE","@id":"https:\/\/www.mayodarkskypark.ie\/#\/schema\/logo\/image\/","url":"https:\/\/www.mayodarkskypark.ie\/wp-content\/uploads\/2023\/11\/mayo-dark-sky-park.png","contentUrl":"https:\/\/www.mayodarkskypark.ie\/wp-content\/uploads\/2023\/11\/mayo-dark-sky-park.png","width":246,"height":70,"caption":"Mayo Dark Sky Park"},"image":{"@id":"https:\/\/www.mayodarkskypark.ie\/#\/schema\/logo\/image\/"},"sameAs":["https:\/\/www.facebook.com\/mayodarkskies\/"]}]}},"spectra_custom_meta":{"adv-header-id-meta":[""],"stick-header-meta":[""],"site-post-title":["disabled"],"ast-featured-img":[""],"theme-transparent-header-meta":[""],"_top_nav_excluded":[""],"_cms_nav_minihome":[""],"_thumbnail_id":["521"],"_last_translation_edit_mode":["translation-editor"],"_tribe_ticket_capacity":["0"],"_tribe_ticket_version":["5.13.4"],"ast-banner-title-visibility":[""],"_uag_css_file_name":["uag-css-639.css"],"_uagb_previous_block_counts":["a:90:{s:21:\"uagb\/advanced-heading\";i:0;s:15:\"uagb\/blockquote\";i:0;s:12:\"uagb\/buttons\";i:0;s:18:\"uagb\/buttons-child\";i:0;s:19:\"uagb\/call-to-action\";i:0;s:15:\"uagb\/cf7-styler\";i:0;s:11:\"uagb\/column\";i:0;s:12:\"uagb\/columns\";i:0;s:14:\"uagb\/container\";i:0;s:21:\"uagb\/content-timeline\";i:0;s:27:\"uagb\/content-timeline-child\";i:0;s:14:\"uagb\/countdown\";i:0;s:12:\"uagb\/counter\";i:0;s:8:\"uagb\/faq\";i:0;s:14:\"uagb\/faq-child\";i:0;s:10:\"uagb\/forms\";i:0;s:17:\"uagb\/forms-accept\";i:0;s:19:\"uagb\/forms-checkbox\";i:0;s:15:\"uagb\/forms-date\";i:0;s:16:\"uagb\/forms-email\";i:0;s:17:\"uagb\/forms-hidden\";i:0;s:15:\"uagb\/forms-name\";i:0;s:16:\"uagb\/forms-phone\";i:0;s:16:\"uagb\/forms-radio\";i:0;s:17:\"uagb\/forms-select\";i:0;s:19:\"uagb\/forms-textarea\";i:0;s:17:\"uagb\/forms-toggle\";i:0;s:14:\"uagb\/forms-url\";i:0;s:14:\"uagb\/gf-styler\";i:0;s:15:\"uagb\/google-map\";i:0;s:11:\"uagb\/how-to\";i:0;s:16:\"uagb\/how-to-step\";i:0;s:9:\"uagb\/icon\";i:0;s:14:\"uagb\/icon-list\";i:0;s:20:\"uagb\/icon-list-child\";i:0;s:10:\"uagb\/image\";i:0;s:18:\"uagb\/image-gallery\";i:0;s:13:\"uagb\/info-box\";i:0;s:18:\"uagb\/inline-notice\";i:0;s:11:\"uagb\/lottie\";i:0;s:21:\"uagb\/marketing-button\";i:0;s:10:\"uagb\/modal\";i:0;s:18:\"uagb\/popup-builder\";i:0;s:16:\"uagb\/post-button\";i:0;s:18:\"uagb\/post-carousel\";i:0;s:17:\"uagb\/post-excerpt\";i:0;s:14:\"uagb\/post-grid\";i:0;s:15:\"uagb\/post-image\";i:0;s:17:\"uagb\/post-masonry\";i:0;s:14:\"uagb\/post-meta\";i:0;s:18:\"uagb\/post-taxonomy\";i:0;s:18:\"uagb\/post-timeline\";i:0;s:15:\"uagb\/post-title\";i:0;s:20:\"uagb\/restaurant-menu\";i:0;s:26:\"uagb\/restaurant-menu-child\";i:0;s:11:\"uagb\/review\";i:0;s:12:\"uagb\/section\";i:0;s:14:\"uagb\/separator\";i:0;s:11:\"uagb\/slider\";i:0;s:17:\"uagb\/slider-child\";i:0;s:17:\"uagb\/social-share\";i:0;s:23:\"uagb\/social-share-child\";i:0;s:16:\"uagb\/star-rating\";i:0;s:23:\"uagb\/sure-cart-checkout\";i:0;s:22:\"uagb\/sure-cart-product\";i:0;s:15:\"uagb\/sure-forms\";i:0;s:22:\"uagb\/table-of-contents\";i:0;s:9:\"uagb\/tabs\";i:0;s:15:\"uagb\/tabs-child\";i:0;s:18:\"uagb\/taxonomy-list\";i:0;s:9:\"uagb\/team\";i:0;s:16:\"uagb\/testimonial\";i:0;s:14:\"uagb\/wp-search\";i:0;s:19:\"uagb\/instagram-feed\";i:0;s:10:\"uagb\/login\";i:0;s:17:\"uagb\/loop-builder\";i:0;s:18:\"uagb\/loop-category\";i:0;s:20:\"uagb\/loop-pagination\";i:0;s:15:\"uagb\/loop-reset\";i:0;s:16:\"uagb\/loop-search\";i:0;s:14:\"uagb\/loop-sort\";i:0;s:17:\"uagb\/loop-wrapper\";i:0;s:13:\"uagb\/register\";i:0;s:19:\"uagb\/register-email\";i:0;s:24:\"uagb\/register-first-name\";i:0;s:23:\"uagb\/register-last-name\";i:0;s:22:\"uagb\/register-password\";i:0;s:30:\"uagb\/register-reenter-password\";i:0;s:19:\"uagb\/register-terms\";i:0;s:22:\"uagb\/register-username\";i:0;}"],"_uag_page_assets":["a:9:{s:3:\"css\";s:260:\".uag-blocks-common-selector{z-index:var(--z-index-desktop) !important}@media(max-width: 976px){.uag-blocks-common-selector{z-index:var(--z-index-tablet) !important}}@media(max-width: 767px){.uag-blocks-common-selector{z-index:var(--z-index-mobile) !important}}\";s:2:\"js\";s:0:\"\";s:18:\"current_block_list\";a:11:{i:0;s:12:\"core\/heading\";i:1;s:12:\"core\/columns\";i:2;s:11:\"core\/column\";i:3;s:14:\"core\/paragraph\";i:4;s:14:\"core\/separator\";i:5;s:10:\"core\/image\";i:6;s:10:\"core\/group\";i:7;s:12:\"core\/buttons\";i:8;s:11:\"core\/button\";i:10;s:9:\"core\/html\";i:11;s:11:\"core\/spacer\";}s:8:\"uag_flag\";b:0;s:11:\"uag_version\";s:10:\"1776864362\";s:6:\"gfonts\";a:0:{}s:10:\"gfonts_url\";s:0:\"\";s:12:\"gfonts_files\";a:0:{}s:14:\"uag_faq_layout\";b:0;}"]},"uagb_featured_image_src":{"full":["https:\/\/www.mayodarkskypark.ie\/wp-content\/uploads\/2023\/11\/Banner15.jpg",1200,265,false],"thumbnail":["https:\/\/www.mayodarkskypark.ie\/wp-content\/uploads\/2023\/11\/Banner15-150x150.jpg",150,150,true],"medium":["https:\/\/www.mayodarkskypark.ie\/wp-content\/uploads\/2023\/11\/Banner15-300x66.jpg",300,66,true],"medium_large":["https:\/\/www.mayodarkskypark.ie\/wp-content\/uploads\/2023\/11\/Banner15-768x170.jpg",768,170,true],"large":["https:\/\/www.mayodarkskypark.ie\/wp-content\/uploads\/2023\/11\/Banner15-1024x226.jpg",1024,226,true],"1536x1536":["https:\/\/www.mayodarkskypark.ie\/wp-content\/uploads\/2023\/11\/Banner15.jpg",1200,265,false],"2048x2048":["https:\/\/www.mayodarkskypark.ie\/wp-content\/uploads\/2023\/11\/Banner15.jpg",1200,265,false]},"uagb_author_info":{"display_name":"Robert Lockwood","author_link":"https:\/\/www.mayodarkskypark.ie\/ga\/author\/robert-lockwood\/"},"uagb_comment_info":0,"uagb_excerpt":"R\u00e9altbhu\u00edonta agus R\u00e9altlaigh Cad at\u00e1 s\u00edad? Go simpl\u00ed, is iad \u00e1r l\u00e9irmh\u00edni\u00fa Domhan-bhunaithe ar phatr\u00fain r\u00e9alta sa sp\u00e9ir. Chuir na Sean-Ghr\u00e9agaigh carachtair mhiotasacha i leith go leor de na r\u00e9altbhu\u00edonta a bhfuil aithne againn orthu inniu, agus is gn\u00e1ch litreacha aib\u00edtre Ghr\u00e9agacha a thabhairt do na r\u00e9alta\u00ed is gile i r\u00e9altbhu\u00edon. Is iad na hainmneacha&hellip;","_links":{"self":[{"href":"https:\/\/www.mayodarkskypark.ie\/ga\/wp-json\/wp\/v2\/pages\/639","targetHints":{"allow":["GET"]}}],"collection":[{"href":"https:\/\/www.mayodarkskypark.ie\/ga\/wp-json\/wp\/v2\/pages"}],"about":[{"href":"https:\/\/www.mayodarkskypark.ie\/ga\/wp-json\/wp\/v2\/types\/page"}],"author":[{"embeddable":true,"href":"https:\/\/www.mayodarkskypark.ie\/ga\/wp-json\/wp\/v2\/users\/1"}],"replies":[{"embeddable":true,"href":"https:\/\/www.mayodarkskypark.ie\/ga\/wp-json\/wp\/v2\/comments?post=639"}],"version-history":[{"count":2,"href":"https:\/\/www.mayodarkskypark.ie\/ga\/wp-json\/wp\/v2\/pages\/639\/revisions"}],"predecessor-version":[{"id":1713,"href":"https:\/\/www.mayodarkskypark.ie\/ga\/wp-json\/wp\/v2\/pages\/639\/revisions\/1713"}],"up":[{"embeddable":true,"href":"https:\/\/www.mayodarkskypark.ie\/ga\/wp-json\/wp\/v2\/pages\/599"}],"wp:featuredmedia":[{"embeddable":true,"href":"https:\/\/www.mayodarkskypark.ie\/ga\/wp-json\/wp\/v2\/media\/521"}],"wp:attachment":[{"href":"https:\/\/www.mayodarkskypark.ie\/ga\/wp-json\/wp\/v2\/media?parent=639"}],"curies":[{"name":"wp","href":"https:\/\/api.w.org\/{rel}","templated":true}]}}