{"id":649,"date":"2023-11-28T14:29:32","date_gmt":"2023-11-28T14:29:32","guid":{"rendered":"https:\/\/www.mayodarkskypark.ie\/cad-ata-ar-suil\/mireanna-nuachta\/"},"modified":"2025-01-09T09:40:18","modified_gmt":"2025-01-09T09:40:18","slug":"mireanna-nuachta","status":"publish","type":"page","link":"https:\/\/www.mayodarkskypark.ie\/ga\/cad-ata-ar-suil\/mireanna-nuachta\/","title":{"rendered":"M\u00edreanna Nuachta"},"content":{"rendered":"\n<h1 class=\"wp-block-heading\">M\u00edreanna <mark style=\"background-color:rgba(0, 0, 0, 0)\" class=\"has-inline-color has-ast-global-color-1-color\">Nuachta<\/mark><\/h1>\n\n<div class=\"wp-block-columns is-layout-flex wp-container-core-columns-is-layout-e0e4babd wp-block-columns-is-layout-flex\" style=\"padding-right:0;padding-left:0\">\n<div class=\"wp-block-column is-layout-flow wp-block-column-is-layout-flow\" style=\"padding-right:0;padding-left:0\">\n<div class=\"wp-block-group is-layout-flow wp-block-group-is-layout-flow\" style=\"padding-top:30px;padding-right:0px;padding-bottom:30px;padding-left:0px\">\n<div class=\"wp-block-columns is-layout-flex wp-container-core-columns-is-layout-e0e4babd wp-block-columns-is-layout-flex\" style=\"padding-right:0;padding-left:0\">\n<div class=\"wp-block-column is-layout-flow wp-block-column-is-layout-flow\" style=\"padding-right:0;padding-left:0\">\n<div class=\"wp-block-query is-layout-flow wp-block-query-is-layout-flow\"><ul class=\"wp-block-post-template is-layout-flow wp-block-post-template-is-layout-flow\"><li class=\"wp-block-post post-2643 post type-post status-publish format-standard has-post-thumbnail hentry category-events category-news tag-10-year-anniversary tag-artemis-ii tag-artists tag-ballycroyvisitorcentre tag-circus250 tag-community-constellations-for-dark-skies tag-half-the-park-is-after-dark tag-mayo-dark-sky-festival tag-mayodarkskies tag-mayodarkskypark tag-niamh-shaw tag-pale-blue-dot tag-planetarium tag-science-on-stilts tag-wild-and-dark tag-wild-nephin-national-park\">\n\n<div class=\"wp-block-group has-background is-layout-constrained wp-container-core-group-is-layout-61191fbd wp-block-group-is-layout-constrained\" style=\"background-color:#ececec;margin-top:0;margin-bottom:0;padding-top:var(--wp--preset--spacing--50);padding-right:var(--wp--preset--spacing--50);padding-bottom:var(--wp--preset--spacing--50);padding-left:var(--wp--preset--spacing--50)\"><div class=\"wp-block-post-date\"><time datetime=\"2026-04-09T18:13:55+00:00\">April 9, 2026<\/time><\/div>\n\n\n<div class=\"wp-block-columns is-layout-flex wp-container-core-columns-is-layout-28f84493 wp-block-columns-is-layout-flex\">\n<div class=\"wp-block-column is-layout-flow wp-block-column-is-layout-flow\"><figure style=\"height:250px;\" class=\"wp-block-post-featured-image\"><a href=\"https:\/\/www.mayodarkskypark.ie\/ga\/events\/celebrating-our-10-year-anniversary-as-a-gold-tier-international-dark-sky-park-2nd-4th-may-2026\/\" target=\"_self\"  style=\"height:250px\"><img loading=\"lazy\" decoding=\"async\" width=\"1414\" height=\"2000\" src=\"https:\/\/www.mayodarkskypark.ie\/wp-content\/uploads\/2026\/04\/WEEKEND-ANNIVERSARY2026-1.png\" class=\"attachment-post-thumbnail size-post-thumbnail wp-post-image\" alt=\"Celebrating our 10 year Anniversary as a Gold Tier International Dark Sky Park! 2nd-4th May, 2026\" style=\"height:250px;object-fit:cover;\" srcset=\"https:\/\/www.mayodarkskypark.ie\/wp-content\/uploads\/2026\/04\/WEEKEND-ANNIVERSARY2026-1.png 1414w, https:\/\/www.mayodarkskypark.ie\/wp-content\/uploads\/2026\/04\/WEEKEND-ANNIVERSARY2026-1-212x300.png 212w, https:\/\/www.mayodarkskypark.ie\/wp-content\/uploads\/2026\/04\/WEEKEND-ANNIVERSARY2026-1-724x1024.png 724w, https:\/\/www.mayodarkskypark.ie\/wp-content\/uploads\/2026\/04\/WEEKEND-ANNIVERSARY2026-1-768x1086.png 768w, https:\/\/www.mayodarkskypark.ie\/wp-content\/uploads\/2026\/04\/WEEKEND-ANNIVERSARY2026-1-1086x1536.png 1086w\" sizes=\"auto, (max-width: 1414px) 100vw, 1414px\" \/><\/a><\/figure><\/div>\n\n\n\n<div class=\"wp-block-column is-layout-flow wp-block-column-is-layout-flow\"><\/div>\n<\/div>\n\n\n<h2 style=\"font-style:normal;font-weight:700;\" class=\"wp-block-post-title has-medium-font-size\"><a href=\"https:\/\/www.mayodarkskypark.ie\/ga\/events\/celebrating-our-10-year-anniversary-as-a-gold-tier-international-dark-sky-park-2nd-4th-may-2026\/\" target=\"_self\" >Celebrating our 10 year Anniversary as a Gold Tier International Dark Sky Park! 2nd-4th May, 2026<\/a><\/h2>\n\n<div class=\"wp-block-post-excerpt\"><p class=\"wp-block-post-excerpt__excerpt\">Join Mayo Dark Sky Park for their &#8220;Wild and Dark&#8221; 10th Anniversary Celebrations, with an array of events including Talks, Arts, Science, Circus, Nature, Planetarium, Films and more! 2nd May, Saturday, 2:30PM: Special Event for Mayo Day at W Cinema, Westport, with Space Reporter and Adventurer, Dr. Niamh Shaw, her &#8220;Reflections on Artemis II&#8221;, plus&hellip; <\/p><\/div>\n\n<a class=\"wp-block-read-more\" href=\"https:\/\/www.mayodarkskypark.ie\/ga\/events\/celebrating-our-10-year-anniversary-as-a-gold-tier-international-dark-sky-park-2nd-4th-may-2026\/\" target=\"_self\">Read More<span class=\"screen-reader-text\">: Celebrating our 10 year Anniversary as a Gold Tier International Dark Sky Park! 2nd-4th May, 2026<\/span><\/a><\/div>\n\n\n\n<hr class=\"wp-block-separator has-alpha-channel-opacity is-style-wide\"\/>\n\n<\/li><li class=\"wp-block-post post-2135 post type-post status-publish format-standard has-post-thumbnail hentry category-events category-news tag-armagh-observatory tag-astronomytalks tag-ballycroy-community-centre tag-constellations tag-half-the-park-is-after-dark tag-mayodarkskies tag-mayodarkskypark tag-mobile-planetarium tag-pale-blue-dot tag-solar-system tag-stellar tag-wild-nephin-national-park\">\n\n<div class=\"wp-block-group has-background is-layout-constrained wp-container-core-group-is-layout-61191fbd wp-block-group-is-layout-constrained\" style=\"background-color:#ececec;margin-top:0;margin-bottom:0;padding-top:var(--wp--preset--spacing--50);padding-right:var(--wp--preset--spacing--50);padding-bottom:var(--wp--preset--spacing--50);padding-left:var(--wp--preset--spacing--50)\"><div class=\"wp-block-post-date\"><time datetime=\"2026-02-24T10:43:24+00:00\">February 24, 2026<\/time><\/div>\n\n\n<div class=\"wp-block-columns is-layout-flex wp-container-core-columns-is-layout-28f84493 wp-block-columns-is-layout-flex\">\n<div class=\"wp-block-column is-layout-flow wp-block-column-is-layout-flow\"><figure style=\"height:250px;\" class=\"wp-block-post-featured-image\"><a href=\"https:\/\/www.mayodarkskypark.ie\/ga\/events\/visit-the-pale-blue-dot-our-mobile-planetarium-in-the-ballycroy-community-centre\/\" target=\"_self\"  style=\"height:250px\"><img loading=\"lazy\" decoding=\"async\" width=\"940\" height=\"788\" src=\"https:\/\/www.mayodarkskypark.ie\/wp-content\/uploads\/2026\/02\/Final_Mayo-Dark-Sky-Parks-mobile-planetarium-Facebook-Post-Facebook-Post-2.png\" class=\"attachment-post-thumbnail size-post-thumbnail wp-post-image\" alt=\"Visit the Pale Blue Dot: Our Mobile Planetarium in the Ballycroy Community Centre\" style=\"height:250px;object-fit:cover;\" srcset=\"https:\/\/www.mayodarkskypark.ie\/wp-content\/uploads\/2026\/02\/Final_Mayo-Dark-Sky-Parks-mobile-planetarium-Facebook-Post-Facebook-Post-2.png 940w, https:\/\/www.mayodarkskypark.ie\/wp-content\/uploads\/2026\/02\/Final_Mayo-Dark-Sky-Parks-mobile-planetarium-Facebook-Post-Facebook-Post-2-300x251.png 300w, https:\/\/www.mayodarkskypark.ie\/wp-content\/uploads\/2026\/02\/Final_Mayo-Dark-Sky-Parks-mobile-planetarium-Facebook-Post-Facebook-Post-2-768x644.png 768w\" sizes=\"auto, (max-width: 940px) 100vw, 940px\" \/><\/a><\/figure><\/div>\n\n\n\n<div class=\"wp-block-column is-layout-flow wp-block-column-is-layout-flow\"><\/div>\n<\/div>\n\n\n<h2 style=\"font-style:normal;font-weight:700;\" class=\"wp-block-post-title has-medium-font-size\"><a href=\"https:\/\/www.mayodarkskypark.ie\/ga\/events\/visit-the-pale-blue-dot-our-mobile-planetarium-in-the-ballycroy-community-centre\/\" target=\"_self\" >Visit the Pale Blue Dot: Our Mobile Planetarium in the Ballycroy Community Centre<\/a><\/h2>\n\n<div class=\"wp-block-post-excerpt\"><p class=\"wp-block-post-excerpt__excerpt\">Join us for some &#8220;out of this world&#8221; planetarium shows in the Mayo Dark Sky Park&#8217;s mobile planetarium, the Pale Blue Dot! Our shows will be held every 30 minutes, with shows lasting apprx. 20-25 minutes in length, starting at 2:00 PM (see poster for further details), with our last showing at 6:00PM, hosted at&hellip; <\/p><\/div>\n\n<a class=\"wp-block-read-more\" href=\"https:\/\/www.mayodarkskypark.ie\/ga\/events\/visit-the-pale-blue-dot-our-mobile-planetarium-in-the-ballycroy-community-centre\/\" target=\"_self\">Read More<span class=\"screen-reader-text\">: Visit the Pale Blue Dot: Our Mobile Planetarium in the Ballycroy Community Centre<\/span><\/a><\/div>\n\n\n\n<hr class=\"wp-block-separator has-alpha-channel-opacity is-style-wide\"\/>\n\n<\/li><li class=\"wp-block-post post-1923 post type-post status-publish format-standard hentry category-news\">\n\n<div class=\"wp-block-group has-background is-layout-constrained wp-container-core-group-is-layout-61191fbd wp-block-group-is-layout-constrained\" style=\"background-color:#ececec;margin-top:0;margin-bottom:0;padding-top:var(--wp--preset--spacing--50);padding-right:var(--wp--preset--spacing--50);padding-bottom:var(--wp--preset--spacing--50);padding-left:var(--wp--preset--spacing--50)\"><div class=\"wp-block-post-date\"><time datetime=\"2025-11-18T15:39:44+00:00\">November 18, 2025<\/time><\/div>\n\n\n<div class=\"wp-block-columns is-layout-flex wp-container-core-columns-is-layout-28f84493 wp-block-columns-is-layout-flex\">\n<div class=\"wp-block-column is-layout-flow wp-block-column-is-layout-flow\"><\/div>\n\n\n\n<div class=\"wp-block-column is-layout-flow wp-block-column-is-layout-flow\"><\/div>\n<\/div>\n\n\n<h2 style=\"font-style:normal;font-weight:700;\" class=\"wp-block-post-title has-medium-font-size\"><a href=\"https:\/\/www.mayodarkskypark.ie\/ga\/news\/louise-beer-announced-as-inaugural-satellite-artist-in-residence-at-mayo-dark-sky-park-at-wild-nephin-national-park\/\" target=\"_self\" >Louise Beer Announced as Inaugural SATELLITE Artist in Residence at Mayo Dark Sky Park at Wild Nephin National Park<\/a><\/h2>\n\n<div class=\"wp-block-post-excerpt\"><p class=\"wp-block-post-excerpt__excerpt\">Date Released:&nbsp;Tuesday, November 18, 2025 Mayo Dark Sky Park at Wild Nephin National Park, in partnership with UCD College of Science and Parity Studios, is delighted to announce artist Louise Beer as the inaugural SATELLITE Artist in Residence. The announcement was made under the stars on the opening night of the Mayo Dark Sky Festival&hellip; <\/p><\/div>\n\n<a class=\"wp-block-read-more\" href=\"https:\/\/www.mayodarkskypark.ie\/ga\/news\/louise-beer-announced-as-inaugural-satellite-artist-in-residence-at-mayo-dark-sky-park-at-wild-nephin-national-park\/\" target=\"_self\">Read More<span class=\"screen-reader-text\">: Louise Beer Announced as Inaugural SATELLITE Artist in Residence at Mayo Dark Sky Park at Wild Nephin National Park<\/span><\/a><\/div>\n\n\n\n<hr class=\"wp-block-separator has-alpha-channel-opacity is-style-wide\"\/>\n\n<\/li><li class=\"wp-block-post post-1910 post type-post status-publish format-standard has-post-thumbnail hentry category-events category-news tag-community-constellations-for-dark-skies tag-exploring-mayo-dark-skies tag-half-the-park-is-after-dark tag-mayo-dark-sky-park tag-mayodarkskies tag-mayodarkskypark tag-museum-of-country-life-turlough-park tag-national-museum tag-wild-nephin-national-park\">\n\n<div class=\"wp-block-group has-background is-layout-constrained wp-container-core-group-is-layout-61191fbd wp-block-group-is-layout-constrained\" style=\"background-color:#ececec;margin-top:0;margin-bottom:0;padding-top:var(--wp--preset--spacing--50);padding-right:var(--wp--preset--spacing--50);padding-bottom:var(--wp--preset--spacing--50);padding-left:var(--wp--preset--spacing--50)\"><div class=\"wp-block-post-date\"><time datetime=\"2025-09-30T19:48:43+00:00\">September 30, 2025<\/time><\/div>\n\n\n<div class=\"wp-block-columns is-layout-flex wp-container-core-columns-is-layout-28f84493 wp-block-columns-is-layout-flex\">\n<div class=\"wp-block-column is-layout-flow wp-block-column-is-layout-flow\"><figure style=\"height:250px;\" class=\"wp-block-post-featured-image\"><a href=\"https:\/\/www.mayodarkskypark.ie\/ga\/events\/oct-11th-talk-exploring-mayo-dark-skies-at-turlough-park-national-museum-of-country-life\/\" target=\"_self\"  style=\"height:250px\"><img loading=\"lazy\" decoding=\"async\" width=\"1706\" height=\"2560\" src=\"https:\/\/www.mayodarkskypark.ie\/wp-content\/uploads\/2025\/09\/Brian-Wilson-Walkway-to-the-Stars-scaled.jpg\" class=\"attachment-post-thumbnail size-post-thumbnail wp-post-image\" alt=\"Oct. 11th, Talk: &#8220;Exploring Mayo Dark Skies&#8221; at Turlough Park, National Museum of Country Life\" style=\"height:250px;object-fit:cover;\" srcset=\"https:\/\/www.mayodarkskypark.ie\/wp-content\/uploads\/2025\/09\/Brian-Wilson-Walkway-to-the-Stars-scaled.jpg 1706w, https:\/\/www.mayodarkskypark.ie\/wp-content\/uploads\/2025\/09\/Brian-Wilson-Walkway-to-the-Stars-200x300.jpg 200w, https:\/\/www.mayodarkskypark.ie\/wp-content\/uploads\/2025\/09\/Brian-Wilson-Walkway-to-the-Stars-683x1024.jpg 683w, https:\/\/www.mayodarkskypark.ie\/wp-content\/uploads\/2025\/09\/Brian-Wilson-Walkway-to-the-Stars-768x1152.jpg 768w, https:\/\/www.mayodarkskypark.ie\/wp-content\/uploads\/2025\/09\/Brian-Wilson-Walkway-to-the-Stars-1024x1536.jpg 1024w, https:\/\/www.mayodarkskypark.ie\/wp-content\/uploads\/2025\/09\/Brian-Wilson-Walkway-to-the-Stars-1365x2048.jpg 1365w\" sizes=\"auto, (max-width: 1706px) 100vw, 1706px\" \/><\/a><\/figure><\/div>\n\n\n\n<div class=\"wp-block-column is-layout-flow wp-block-column-is-layout-flow\"><\/div>\n<\/div>\n\n\n<h2 style=\"font-style:normal;font-weight:700;\" class=\"wp-block-post-title has-medium-font-size\"><a href=\"https:\/\/www.mayodarkskypark.ie\/ga\/events\/oct-11th-talk-exploring-mayo-dark-skies-at-turlough-park-national-museum-of-country-life\/\" target=\"_self\" >Oct. 11th, Talk: &#8220;Exploring Mayo Dark Skies&#8221; at Turlough Park, National Museum of Country Life<\/a><\/h2>\n\n<div class=\"wp-block-post-excerpt\"><p class=\"wp-block-post-excerpt__excerpt\">Saturday 11 October 2025 | 15:30 &#8211; 16:30 , All Ages Free Admission | Booking Required Did you know Mayo is working towards becoming an&nbsp;International Dark Sky Reserve? Already home to&nbsp;Ireland\u2019s first International Dark Sky Park, the county boasts some of the&nbsp;darkest and most pristine night skies in the world. Join the&nbsp;Mayo Dark Sky Team&hellip; <\/p><\/div>\n\n<a class=\"wp-block-read-more\" href=\"https:\/\/www.mayodarkskypark.ie\/ga\/events\/oct-11th-talk-exploring-mayo-dark-skies-at-turlough-park-national-museum-of-country-life\/\" target=\"_self\">Read More<span class=\"screen-reader-text\">: Oct. 11th, Talk: &#8220;Exploring Mayo Dark Skies&#8221; at Turlough Park, National Museum of Country Life<\/span><\/a><\/div>\n\n\n\n<hr class=\"wp-block-separator has-alpha-channel-opacity is-style-wide\"\/>\n\n<\/li><li class=\"wp-block-post post-1902 post type-post status-publish format-standard has-post-thumbnail hentry category-news tag-artificial-light-at-night tag-business-light-pollution tag-half-the-park-is-after-dark tag-light-pollution tag-mayodarkskies tag-westport\">\n\n<div class=\"wp-block-group has-background is-layout-constrained wp-container-core-group-is-layout-61191fbd wp-block-group-is-layout-constrained\" style=\"background-color:#ececec;margin-top:0;margin-bottom:0;padding-top:var(--wp--preset--spacing--50);padding-right:var(--wp--preset--spacing--50);padding-bottom:var(--wp--preset--spacing--50);padding-left:var(--wp--preset--spacing--50)\"><div class=\"wp-block-post-date\"><time datetime=\"2025-09-30T19:08:41+00:00\">September 30, 2025<\/time><\/div>\n\n\n<div class=\"wp-block-columns is-layout-flex wp-container-core-columns-is-layout-28f84493 wp-block-columns-is-layout-flex\">\n<div class=\"wp-block-column is-layout-flow wp-block-column-is-layout-flow\"><figure style=\"height:250px;\" class=\"wp-block-post-featured-image\"><a href=\"https:\/\/www.mayodarkskypark.ie\/ga\/news\/reducing-light-pollution-ahead-of-alan-artificial-light-at-night-conference\/\" target=\"_self\"  style=\"height:250px\"><img loading=\"lazy\" decoding=\"async\" width=\"1190\" height=\"1684\" src=\"https:\/\/www.mayodarkskypark.ie\/wp-content\/uploads\/2025\/09\/IMG_BusinessReducingLP-2.png\" class=\"attachment-post-thumbnail size-post-thumbnail wp-post-image\" alt=\"Reducing Light Pollution Ahead of ALAN (Artificial Light At Night) Conference\" style=\"height:250px;object-fit:cover;\" srcset=\"https:\/\/www.mayodarkskypark.ie\/wp-content\/uploads\/2025\/09\/IMG_BusinessReducingLP-2.png 1190w, https:\/\/www.mayodarkskypark.ie\/wp-content\/uploads\/2025\/09\/IMG_BusinessReducingLP-2-212x300.png 212w, https:\/\/www.mayodarkskypark.ie\/wp-content\/uploads\/2025\/09\/IMG_BusinessReducingLP-2-724x1024.png 724w, https:\/\/www.mayodarkskypark.ie\/wp-content\/uploads\/2025\/09\/IMG_BusinessReducingLP-2-768x1087.png 768w, https:\/\/www.mayodarkskypark.ie\/wp-content\/uploads\/2025\/09\/IMG_BusinessReducingLP-2-1085x1536.png 1085w\" sizes=\"auto, (max-width: 1190px) 100vw, 1190px\" \/><\/a><\/figure><\/div>\n\n\n\n<div class=\"wp-block-column is-layout-flow wp-block-column-is-layout-flow\"><\/div>\n<\/div>\n\n\n<h2 style=\"font-style:normal;font-weight:700;\" class=\"wp-block-post-title has-medium-font-size\"><a href=\"https:\/\/www.mayodarkskypark.ie\/ga\/news\/reducing-light-pollution-ahead-of-alan-artificial-light-at-night-conference\/\" target=\"_self\" >Reducing Light Pollution Ahead of ALAN (Artificial Light At Night) Conference<\/a><\/h2>\n\n<div class=\"wp-block-post-excerpt\"><p class=\"wp-block-post-excerpt__excerpt\">From Fionn\u00e1n Nestor, Projects Officer, Wild Atlantic Way, F\u00e1ilte Ireland &#8220;Friends of Mayo Dark Skies together with Dark Sky Ireland is hosting the 9th International Artificial Light at Night Conference (ALAN) in Westport from 28\u201331 October. This is a unique opportunity for Clew Bay to showcase Mayo Dark Sky Park &#8211; a rare and precious&hellip; <\/p><\/div>\n\n<a class=\"wp-block-read-more\" href=\"https:\/\/www.mayodarkskypark.ie\/ga\/news\/reducing-light-pollution-ahead-of-alan-artificial-light-at-night-conference\/\" target=\"_self\">Read More<span class=\"screen-reader-text\">: Reducing Light Pollution Ahead of ALAN (Artificial Light At Night) Conference<\/span><\/a><\/div>\n\n\n\n<hr class=\"wp-block-separator has-alpha-channel-opacity is-style-wide\"\/>\n\n<\/li><\/ul>\n\n<nav class=\"wp-block-query-pagination is-layout-flex wp-block-query-pagination-is-layout-flex\" aria-label=\"Pagination\">\n\n\n<div class=\"wp-block-query-pagination-numbers\"><span aria-current=\"page\" class=\"page-numbers current\">1<\/span>\n<a class=\"page-numbers\" href=\"?query-27-page=2\">2<\/a>\n<a class=\"page-numbers\" href=\"?query-27-page=3\">3<\/a>\n<span class=\"page-numbers dots\">&hellip;<\/span>\n<a class=\"page-numbers\" href=\"?query-27-page=22\">22<\/a><\/div>\n\n<a href=\"\/ga\/wp-json\/wp\/v2\/pages\/649?query-27-page=2\" class=\"wp-block-query-pagination-next\">Next Page<\/a>\n<\/nav><\/div>\n<\/div>\n<\/div>\n<\/div>\n<\/div>\n<\/div>\n","protected":false},"excerpt":{"rendered":"<p>M\u00edreanna Nuachta<\/p>\n","protected":false},"author":1,"featured_media":1430,"parent":602,"menu_order":0,"comment_status":"closed","ping_status":"closed","template":"","meta":{"_uag_custom_page_level_css":"","site-sidebar-layout":"default","site-content-layout":"","ast-site-content-layout":"default","site-content-style":"default","site-sidebar-style":"default","ast-global-header-display":"","ast-banner-title-visibility":"","ast-main-header-display":"","ast-hfb-above-header-display":"","ast-hfb-below-header-display":"","ast-hfb-mobile-header-display":"","site-post-title":"disabled","ast-breadcrumbs-content":"","ast-featured-img":"","footer-sml-layout":"","ast-disable-related-posts":"","theme-transparent-header-meta":"","adv-header-id-meta":"","stick-header-meta":"","header-above-stick-meta":"","header-main-stick-meta":"","header-below-stick-meta":"","astra-migrate-meta-layouts":"default","ast-page-background-enabled":"default","ast-page-background-meta":{"desktop":{"background-color":"var(--ast-global-color-4)","background-image":"","background-repeat":"repeat","background-position":"center center","background-size":"auto","background-attachment":"scroll","background-type":"","background-media":"","overlay-type":"","overlay-color":"","overlay-opacity":"","overlay-gradient":""},"tablet":{"background-color":"","background-image":"","background-repeat":"repeat","background-position":"center center","background-size":"auto","background-attachment":"scroll","background-type":"","background-media":"","overlay-type":"","overlay-color":"","overlay-opacity":"","overlay-gradient":""},"mobile":{"background-color":"","background-image":"","background-repeat":"repeat","background-position":"center center","background-size":"auto","background-attachment":"scroll","background-type":"","background-media":"","overlay-type":"","overlay-color":"","overlay-opacity":"","overlay-gradient":""}},"ast-content-background-meta":{"desktop":{"background-color":"var(--ast-global-color-5)","background-image":"","background-repeat":"repeat","background-position":"center center","background-size":"auto","background-attachment":"scroll","background-type":"","background-media":"","overlay-type":"","overlay-color":"","overlay-opacity":"","overlay-gradient":""},"tablet":{"background-color":"var(--ast-global-color-5)","background-image":"","background-repeat":"repeat","background-position":"center center","background-size":"auto","background-attachment":"scroll","background-type":"","background-media":"","overlay-type":"","overlay-color":"","overlay-opacity":"","overlay-gradient":""},"mobile":{"background-color":"var(--ast-global-color-5)","background-image":"","background-repeat":"repeat","background-position":"center center","background-size":"auto","background-attachment":"scroll","background-type":"","background-media":"","overlay-type":"","overlay-color":"","overlay-opacity":"","overlay-gradient":""}},"footnotes":""},"class_list":["post-649","page","type-page","status-publish","has-post-thumbnail","hentry"],"yoast_head":"<!-- This site is optimized with the Yoast SEO plugin v27.4 - https:\/\/yoast.com\/product\/yoast-seo-wordpress\/ -->\n<title>M\u00edreanna Nuachta - P\u00e1irc Sp\u00e9ire Dorcha Mhaigh Eo<\/title>\n<meta name=\"robots\" content=\"index, follow, max-snippet:-1, max-image-preview:large, max-video-preview:-1\" \/>\n<link rel=\"canonical\" href=\"https:\/\/www.mayodarkskypark.ie\/ga\/cad-ata-ar-suil\/mireanna-nuachta\/\" \/>\n<link rel=\"next\" href=\"https:\/\/www.mayodarkskypark.ie\/ga\/cad-ata-ar-suil\/mireanna-nuachta\/649?query-27-page=2\" \/>\n<meta property=\"og:locale\" content=\"ga_IE\" \/>\n<meta property=\"og:type\" content=\"article\" \/>\n<meta property=\"og:title\" content=\"M\u00edreanna Nuachta - P\u00e1irc Sp\u00e9ire Dorcha Mhaigh Eo\" \/>\n<meta property=\"og:description\" content=\"M\u00edreanna Nuachta\" \/>\n<meta property=\"og:url\" content=\"https:\/\/www.mayodarkskypark.ie\/ga\/cad-ata-ar-suil\/mireanna-nuachta\/\" \/>\n<meta property=\"og:site_name\" content=\"P\u00e1irc Sp\u00e9ire Dorcha Mhaigh Eo\" \/>\n<meta property=\"article:publisher\" content=\"https:\/\/www.facebook.com\/mayodarkskies\/\" \/>\n<meta property=\"article:modified_time\" content=\"2025-01-09T09:40:18+00:00\" \/>\n<meta property=\"og:image\" content=\"https:\/\/www.mayodarkskypark.ie\/wp-content\/uploads\/2024\/09\/380675674_627302302821143_3922240707648336211_n-e1735745913839.jpg\" \/>\n\t<meta property=\"og:image:width\" content=\"1440\" \/>\n\t<meta property=\"og:image:height\" content=\"960\" \/>\n\t<meta property=\"og:image:type\" content=\"image\/jpeg\" \/>\n<meta name=\"twitter:card\" content=\"summary_large_image\" \/>\n<script type=\"application\/ld+json\" class=\"yoast-schema-graph\">{\"@context\":\"https:\\\/\\\/schema.org\",\"@graph\":[{\"@type\":\"WebPage\",\"@id\":\"https:\\\/\\\/www.mayodarkskypark.ie\\\/ga\\\/cad-ata-ar-suil\\\/mireanna-nuachta\\\/\",\"url\":\"https:\\\/\\\/www.mayodarkskypark.ie\\\/ga\\\/cad-ata-ar-suil\\\/mireanna-nuachta\\\/\",\"name\":\"M\u00edreanna Nuachta - P\u00e1irc Sp\u00e9ire Dorcha Mhaigh Eo\",\"isPartOf\":{\"@id\":\"https:\\\/\\\/www.mayodarkskypark.ie\\\/#website\"},\"primaryImageOfPage\":{\"@id\":\"https:\\\/\\\/www.mayodarkskypark.ie\\\/ga\\\/cad-ata-ar-suil\\\/mireanna-nuachta\\\/#primaryimage\"},\"image\":{\"@id\":\"https:\\\/\\\/www.mayodarkskypark.ie\\\/ga\\\/cad-ata-ar-suil\\\/mireanna-nuachta\\\/#primaryimage\"},\"thumbnailUrl\":\"https:\\\/\\\/www.mayodarkskypark.ie\\\/wp-content\\\/uploads\\\/2024\\\/09\\\/380675674_627302302821143_3922240707648336211_n-e1735745913839.jpg\",\"datePublished\":\"2023-11-28T14:29:32+00:00\",\"dateModified\":\"2025-01-09T09:40:18+00:00\",\"breadcrumb\":{\"@id\":\"https:\\\/\\\/www.mayodarkskypark.ie\\\/ga\\\/cad-ata-ar-suil\\\/mireanna-nuachta\\\/#breadcrumb\"},\"inLanguage\":\"ga-IE\",\"potentialAction\":[{\"@type\":\"ReadAction\",\"target\":[\"https:\\\/\\\/www.mayodarkskypark.ie\\\/ga\\\/cad-ata-ar-suil\\\/mireanna-nuachta\\\/\"]}]},{\"@type\":\"ImageObject\",\"inLanguage\":\"ga-IE\",\"@id\":\"https:\\\/\\\/www.mayodarkskypark.ie\\\/ga\\\/cad-ata-ar-suil\\\/mireanna-nuachta\\\/#primaryimage\",\"url\":\"https:\\\/\\\/www.mayodarkskypark.ie\\\/wp-content\\\/uploads\\\/2024\\\/09\\\/380675674_627302302821143_3922240707648336211_n-e1735745913839.jpg\",\"contentUrl\":\"https:\\\/\\\/www.mayodarkskypark.ie\\\/wp-content\\\/uploads\\\/2024\\\/09\\\/380675674_627302302821143_3922240707648336211_n-e1735745913839.jpg\",\"width\":1440,\"height\":960,\"caption\":\"Davy Patton astrophotography workshop\"},{\"@type\":\"BreadcrumbList\",\"@id\":\"https:\\\/\\\/www.mayodarkskypark.ie\\\/ga\\\/cad-ata-ar-suil\\\/mireanna-nuachta\\\/#breadcrumb\",\"itemListElement\":[{\"@type\":\"ListItem\",\"position\":1,\"name\":\"Home\",\"item\":\"https:\\\/\\\/www.mayodarkskypark.ie\\\/ga\\\/\"},{\"@type\":\"ListItem\",\"position\":2,\"name\":\"Cad at\u00e1 ar Suil\",\"item\":\"https:\\\/\\\/www.mayodarkskypark.ie\\\/what-s-on\\\/\"},{\"@type\":\"ListItem\",\"position\":3,\"name\":\"M\u00edreanna Nuachta\"}]},{\"@type\":\"WebSite\",\"@id\":\"https:\\\/\\\/www.mayodarkskypark.ie\\\/#website\",\"url\":\"https:\\\/\\\/www.mayodarkskypark.ie\\\/\",\"name\":\"Mayo Dark Sky Park\",\"description\":\"International Dark Sky Place of the Year 2024\",\"publisher\":{\"@id\":\"https:\\\/\\\/www.mayodarkskypark.ie\\\/#organization\"},\"potentialAction\":[{\"@type\":\"SearchAction\",\"target\":{\"@type\":\"EntryPoint\",\"urlTemplate\":\"https:\\\/\\\/www.mayodarkskypark.ie\\\/?s={search_term_string}\"},\"query-input\":{\"@type\":\"PropertyValueSpecification\",\"valueRequired\":true,\"valueName\":\"search_term_string\"}}],\"inLanguage\":\"ga-IE\"},{\"@type\":\"Organization\",\"@id\":\"https:\\\/\\\/www.mayodarkskypark.ie\\\/#organization\",\"name\":\"Mayo Dark Sky Park\",\"url\":\"https:\\\/\\\/www.mayodarkskypark.ie\\\/\",\"logo\":{\"@type\":\"ImageObject\",\"inLanguage\":\"ga-IE\",\"@id\":\"https:\\\/\\\/www.mayodarkskypark.ie\\\/#\\\/schema\\\/logo\\\/image\\\/\",\"url\":\"https:\\\/\\\/www.mayodarkskypark.ie\\\/wp-content\\\/uploads\\\/2023\\\/11\\\/mayo-dark-sky-park.png\",\"contentUrl\":\"https:\\\/\\\/www.mayodarkskypark.ie\\\/wp-content\\\/uploads\\\/2023\\\/11\\\/mayo-dark-sky-park.png\",\"width\":246,\"height\":70,\"caption\":\"Mayo Dark Sky Park\"},\"image\":{\"@id\":\"https:\\\/\\\/www.mayodarkskypark.ie\\\/#\\\/schema\\\/logo\\\/image\\\/\"},\"sameAs\":[\"https:\\\/\\\/www.facebook.com\\\/mayodarkskies\\\/\"]}]}<\/script>\n<!-- \/ Yoast SEO plugin. -->","yoast_head_json":{"title":"M\u00edreanna Nuachta - P\u00e1irc Sp\u00e9ire Dorcha Mhaigh Eo","robots":{"index":"index","follow":"follow","max-snippet":"max-snippet:-1","max-image-preview":"max-image-preview:large","max-video-preview":"max-video-preview:-1"},"canonical":"https:\/\/www.mayodarkskypark.ie\/ga\/cad-ata-ar-suil\/mireanna-nuachta\/","next":"https:\/\/www.mayodarkskypark.ie\/ga\/cad-ata-ar-suil\/mireanna-nuachta\/649?query-27-page=2","og_locale":"ga_IE","og_type":"article","og_title":"M\u00edreanna Nuachta - P\u00e1irc Sp\u00e9ire Dorcha Mhaigh Eo","og_description":"M\u00edreanna Nuachta","og_url":"https:\/\/www.mayodarkskypark.ie\/ga\/cad-ata-ar-suil\/mireanna-nuachta\/","og_site_name":"P\u00e1irc Sp\u00e9ire Dorcha Mhaigh Eo","article_publisher":"https:\/\/www.facebook.com\/mayodarkskies\/","article_modified_time":"2025-01-09T09:40:18+00:00","og_image":[{"width":1440,"height":960,"url":"https:\/\/www.mayodarkskypark.ie\/wp-content\/uploads\/2024\/09\/380675674_627302302821143_3922240707648336211_n-e1735745913839.jpg","type":"image\/jpeg"}],"twitter_card":"summary_large_image","schema":{"@context":"https:\/\/schema.org","@graph":[{"@type":"WebPage","@id":"https:\/\/www.mayodarkskypark.ie\/ga\/cad-ata-ar-suil\/mireanna-nuachta\/","url":"https:\/\/www.mayodarkskypark.ie\/ga\/cad-ata-ar-suil\/mireanna-nuachta\/","name":"M\u00edreanna Nuachta - P\u00e1irc Sp\u00e9ire Dorcha Mhaigh Eo","isPartOf":{"@id":"https:\/\/www.mayodarkskypark.ie\/#website"},"primaryImageOfPage":{"@id":"https:\/\/www.mayodarkskypark.ie\/ga\/cad-ata-ar-suil\/mireanna-nuachta\/#primaryimage"},"image":{"@id":"https:\/\/www.mayodarkskypark.ie\/ga\/cad-ata-ar-suil\/mireanna-nuachta\/#primaryimage"},"thumbnailUrl":"https:\/\/www.mayodarkskypark.ie\/wp-content\/uploads\/2024\/09\/380675674_627302302821143_3922240707648336211_n-e1735745913839.jpg","datePublished":"2023-11-28T14:29:32+00:00","dateModified":"2025-01-09T09:40:18+00:00","breadcrumb":{"@id":"https:\/\/www.mayodarkskypark.ie\/ga\/cad-ata-ar-suil\/mireanna-nuachta\/#breadcrumb"},"inLanguage":"ga-IE","potentialAction":[{"@type":"ReadAction","target":["https:\/\/www.mayodarkskypark.ie\/ga\/cad-ata-ar-suil\/mireanna-nuachta\/"]}]},{"@type":"ImageObject","inLanguage":"ga-IE","@id":"https:\/\/www.mayodarkskypark.ie\/ga\/cad-ata-ar-suil\/mireanna-nuachta\/#primaryimage","url":"https:\/\/www.mayodarkskypark.ie\/wp-content\/uploads\/2024\/09\/380675674_627302302821143_3922240707648336211_n-e1735745913839.jpg","contentUrl":"https:\/\/www.mayodarkskypark.ie\/wp-content\/uploads\/2024\/09\/380675674_627302302821143_3922240707648336211_n-e1735745913839.jpg","width":1440,"height":960,"caption":"Davy Patton astrophotography workshop"},{"@type":"BreadcrumbList","@id":"https:\/\/www.mayodarkskypark.ie\/ga\/cad-ata-ar-suil\/mireanna-nuachta\/#breadcrumb","itemListElement":[{"@type":"ListItem","position":1,"name":"Home","item":"https:\/\/www.mayodarkskypark.ie\/ga\/"},{"@type":"ListItem","position":2,"name":"Cad at\u00e1 ar Suil","item":"https:\/\/www.mayodarkskypark.ie\/what-s-on\/"},{"@type":"ListItem","position":3,"name":"M\u00edreanna Nuachta"}]},{"@type":"WebSite","@id":"https:\/\/www.mayodarkskypark.ie\/#website","url":"https:\/\/www.mayodarkskypark.ie\/","name":"Mayo Dark Sky Park","description":"International Dark Sky Place of the Year 2024","publisher":{"@id":"https:\/\/www.mayodarkskypark.ie\/#organization"},"potentialAction":[{"@type":"SearchAction","target":{"@type":"EntryPoint","urlTemplate":"https:\/\/www.mayodarkskypark.ie\/?s={search_term_string}"},"query-input":{"@type":"PropertyValueSpecification","valueRequired":true,"valueName":"search_term_string"}}],"inLanguage":"ga-IE"},{"@type":"Organization","@id":"https:\/\/www.mayodarkskypark.ie\/#organization","name":"Mayo Dark Sky Park","url":"https:\/\/www.mayodarkskypark.ie\/","logo":{"@type":"ImageObject","inLanguage":"ga-IE","@id":"https:\/\/www.mayodarkskypark.ie\/#\/schema\/logo\/image\/","url":"https:\/\/www.mayodarkskypark.ie\/wp-content\/uploads\/2023\/11\/mayo-dark-sky-park.png","contentUrl":"https:\/\/www.mayodarkskypark.ie\/wp-content\/uploads\/2023\/11\/mayo-dark-sky-park.png","width":246,"height":70,"caption":"Mayo Dark Sky Park"},"image":{"@id":"https:\/\/www.mayodarkskypark.ie\/#\/schema\/logo\/image\/"},"sameAs":["https:\/\/www.facebook.com\/mayodarkskies\/"]}]}},"spectra_custom_meta":{"adv-header-id-meta":[""],"stick-header-meta":[""],"site-post-title":["disabled"],"ast-featured-img":[""],"theme-transparent-header-meta":[""],"_top_nav_excluded":[""],"_cms_nav_minihome":[""],"_thumbnail_id":["1430"],"_last_translation_edit_mode":["translation-editor"],"ast-banner-title-visibility":[""],"_wp_page_template":[""],"_tribe_ticket_capacity":["0"],"_tribe_ticket_version":["5.13.4"],"_uag_css_file_name":["uag-css-649.css"],"_uagb_previous_block_counts":["a:90:{s:21:\"uagb\/advanced-heading\";i:0;s:15:\"uagb\/blockquote\";i:0;s:12:\"uagb\/buttons\";i:0;s:18:\"uagb\/buttons-child\";i:0;s:19:\"uagb\/call-to-action\";i:0;s:15:\"uagb\/cf7-styler\";i:0;s:11:\"uagb\/column\";i:0;s:12:\"uagb\/columns\";i:0;s:14:\"uagb\/container\";i:0;s:21:\"uagb\/content-timeline\";i:0;s:27:\"uagb\/content-timeline-child\";i:0;s:14:\"uagb\/countdown\";i:0;s:12:\"uagb\/counter\";i:0;s:8:\"uagb\/faq\";i:0;s:14:\"uagb\/faq-child\";i:0;s:10:\"uagb\/forms\";i:0;s:17:\"uagb\/forms-accept\";i:0;s:19:\"uagb\/forms-checkbox\";i:0;s:15:\"uagb\/forms-date\";i:0;s:16:\"uagb\/forms-email\";i:0;s:17:\"uagb\/forms-hidden\";i:0;s:15:\"uagb\/forms-name\";i:0;s:16:\"uagb\/forms-phone\";i:0;s:16:\"uagb\/forms-radio\";i:0;s:17:\"uagb\/forms-select\";i:0;s:19:\"uagb\/forms-textarea\";i:0;s:17:\"uagb\/forms-toggle\";i:0;s:14:\"uagb\/forms-url\";i:0;s:14:\"uagb\/gf-styler\";i:0;s:15:\"uagb\/google-map\";i:0;s:11:\"uagb\/how-to\";i:0;s:16:\"uagb\/how-to-step\";i:0;s:9:\"uagb\/icon\";i:0;s:14:\"uagb\/icon-list\";i:0;s:20:\"uagb\/icon-list-child\";i:0;s:10:\"uagb\/image\";i:0;s:18:\"uagb\/image-gallery\";i:0;s:13:\"uagb\/info-box\";i:0;s:18:\"uagb\/inline-notice\";i:0;s:11:\"uagb\/lottie\";i:0;s:21:\"uagb\/marketing-button\";i:0;s:10:\"uagb\/modal\";i:0;s:18:\"uagb\/popup-builder\";i:0;s:16:\"uagb\/post-button\";i:0;s:18:\"uagb\/post-carousel\";i:0;s:17:\"uagb\/post-excerpt\";i:0;s:14:\"uagb\/post-grid\";i:0;s:15:\"uagb\/post-image\";i:0;s:17:\"uagb\/post-masonry\";i:0;s:14:\"uagb\/post-meta\";i:0;s:18:\"uagb\/post-taxonomy\";i:0;s:18:\"uagb\/post-timeline\";i:0;s:15:\"uagb\/post-title\";i:0;s:20:\"uagb\/restaurant-menu\";i:0;s:26:\"uagb\/restaurant-menu-child\";i:0;s:11:\"uagb\/review\";i:0;s:12:\"uagb\/section\";i:0;s:14:\"uagb\/separator\";i:0;s:11:\"uagb\/slider\";i:0;s:17:\"uagb\/slider-child\";i:0;s:17:\"uagb\/social-share\";i:0;s:23:\"uagb\/social-share-child\";i:0;s:16:\"uagb\/star-rating\";i:0;s:23:\"uagb\/sure-cart-checkout\";i:0;s:22:\"uagb\/sure-cart-product\";i:0;s:15:\"uagb\/sure-forms\";i:0;s:22:\"uagb\/table-of-contents\";i:0;s:9:\"uagb\/tabs\";i:0;s:15:\"uagb\/tabs-child\";i:0;s:18:\"uagb\/taxonomy-list\";i:0;s:9:\"uagb\/team\";i:0;s:16:\"uagb\/testimonial\";i:0;s:14:\"uagb\/wp-search\";i:0;s:19:\"uagb\/instagram-feed\";i:0;s:10:\"uagb\/login\";i:0;s:17:\"uagb\/loop-builder\";i:0;s:18:\"uagb\/loop-category\";i:0;s:20:\"uagb\/loop-pagination\";i:0;s:15:\"uagb\/loop-reset\";i:0;s:16:\"uagb\/loop-search\";i:0;s:14:\"uagb\/loop-sort\";i:0;s:17:\"uagb\/loop-wrapper\";i:0;s:13:\"uagb\/register\";i:0;s:19:\"uagb\/register-email\";i:0;s:24:\"uagb\/register-first-name\";i:0;s:23:\"uagb\/register-last-name\";i:0;s:22:\"uagb\/register-password\";i:0;s:30:\"uagb\/register-reenter-password\";i:0;s:19:\"uagb\/register-terms\";i:0;s:22:\"uagb\/register-username\";i:0;}"],"_uag_page_assets":["a:9:{s:3:\"css\";s:260:\".uag-blocks-common-selector{z-index:var(--z-index-desktop) !important}@media(max-width: 976px){.uag-blocks-common-selector{z-index:var(--z-index-tablet) !important}}@media(max-width: 767px){.uag-blocks-common-selector{z-index:var(--z-index-mobile) !important}}\";s:2:\"js\";s:0:\"\";s:18:\"current_block_list\";a:22:{i:0;s:12:\"core\/heading\";i:1;s:12:\"core\/columns\";i:2;s:11:\"core\/column\";i:3;s:10:\"core\/group\";i:6;s:10:\"core\/query\";i:7;s:18:\"core\/post-template\";i:9;s:14:\"core\/post-date\";i:12;s:24:\"core\/post-featured-image\";i:13;s:15:\"core\/post-title\";i:14;s:17:\"core\/post-excerpt\";i:15;s:14:\"core\/read-more\";i:16;s:14:\"core\/separator\";i:17;s:21:\"core\/query-pagination\";i:18;s:30:\"core\/query-pagination-previous\";i:19;s:29:\"core\/query-pagination-numbers\";i:20;s:26:\"core\/query-pagination-next\";i:21;s:12:\"core\/buttons\";i:22;s:11:\"core\/button\";i:23;s:14:\"core\/paragraph\";i:25;s:10:\"core\/image\";i:27;s:9:\"core\/html\";i:28;s:11:\"core\/spacer\";}s:8:\"uag_flag\";b:0;s:11:\"uag_version\";s:10:\"1776864362\";s:6:\"gfonts\";a:0:{}s:10:\"gfonts_url\";s:0:\"\";s:12:\"gfonts_files\";a:0:{}s:14:\"uag_faq_layout\";b:0;}"]},"uagb_featured_image_src":{"full":["https:\/\/www.mayodarkskypark.ie\/wp-content\/uploads\/2024\/09\/380675674_627302302821143_3922240707648336211_n-e1735745913839.jpg",1440,960,false],"thumbnail":["https:\/\/www.mayodarkskypark.ie\/wp-content\/uploads\/2024\/09\/380675674_627302302821143_3922240707648336211_n-150x150.jpg",150,150,true],"medium":["https:\/\/www.mayodarkskypark.ie\/wp-content\/uploads\/2024\/09\/380675674_627302302821143_3922240707648336211_n-300x200.jpg",300,200,true],"medium_large":["https:\/\/www.mayodarkskypark.ie\/wp-content\/uploads\/2024\/09\/380675674_627302302821143_3922240707648336211_n-768x512.jpg",768,512,true],"large":["https:\/\/www.mayodarkskypark.ie\/wp-content\/uploads\/2024\/09\/380675674_627302302821143_3922240707648336211_n-1024x683.jpg",1024,683,true],"1536x1536":["https:\/\/www.mayodarkskypark.ie\/wp-content\/uploads\/2024\/09\/380675674_627302302821143_3922240707648336211_n-e1735745913839.jpg",1440,960,false],"2048x2048":["https:\/\/www.mayodarkskypark.ie\/wp-content\/uploads\/2024\/09\/380675674_627302302821143_3922240707648336211_n-e1735745913839.jpg",1440,960,false]},"uagb_author_info":{"display_name":"Robert Lockwood","author_link":"https:\/\/www.mayodarkskypark.ie\/ga\/author\/robert-lockwood\/"},"uagb_comment_info":0,"uagb_excerpt":"M\u00edreanna Nuachta","_links":{"self":[{"href":"https:\/\/www.mayodarkskypark.ie\/ga\/wp-json\/wp\/v2\/pages\/649","targetHints":{"allow":["GET"]}}],"collection":[{"href":"https:\/\/www.mayodarkskypark.ie\/ga\/wp-json\/wp\/v2\/pages"}],"about":[{"href":"https:\/\/www.mayodarkskypark.ie\/ga\/wp-json\/wp\/v2\/types\/page"}],"author":[{"embeddable":true,"href":"https:\/\/www.mayodarkskypark.ie\/ga\/wp-json\/wp\/v2\/users\/1"}],"replies":[{"embeddable":true,"href":"https:\/\/www.mayodarkskypark.ie\/ga\/wp-json\/wp\/v2\/comments?post=649"}],"version-history":[{"count":2,"href":"https:\/\/www.mayodarkskypark.ie\/ga\/wp-json\/wp\/v2\/pages\/649\/revisions"}],"predecessor-version":[{"id":1721,"href":"https:\/\/www.mayodarkskypark.ie\/ga\/wp-json\/wp\/v2\/pages\/649\/revisions\/1721"}],"up":[{"embeddable":true,"href":"https:\/\/www.mayodarkskypark.ie\/ga\/wp-json\/wp\/v2\/pages\/602"}],"wp:featuredmedia":[{"embeddable":true,"href":"https:\/\/www.mayodarkskypark.ie\/ga\/wp-json\/wp\/v2\/media\/1430"}],"wp:attachment":[{"href":"https:\/\/www.mayodarkskypark.ie\/ga\/wp-json\/wp\/v2\/media?parent=649"}],"curies":[{"name":"wp","href":"https:\/\/api.w.org\/{rel}","templated":true}]}}